{"id":35,"date":"2020-03-26T18:43:35","date_gmt":"2020-03-26T18:43:35","guid":{"rendered":"http:\/\/spidu.dg-dudensen.de\/?page_id=35"},"modified":"2020-04-28T14:47:49","modified_gmt":"2020-04-28T14:47:49","slug":"fotos-von-veranstaltungen","status":"publish","type":"page","link":"http:\/\/spidu.dg-dudensen.de\/?page_id=35","title":{"rendered":"Event ~ Galerie"},"content":{"rendered":"\n<h2>2019&#8230; Zehn Jahre SpIDu<\/h2>\n\n\n\n<div id=\"grid-gallery-1-95129\" data-gg-id=\"1\" data-title=\"Zehn Jahre SpIDu\" data-grid-type=\"2\" data-offset=\"8.3\" data-area-position=\"left\" data-icons=\"false\" data-preloader=\"true\" data-width=\"auto\" data-height=\"215\" data-padding=\"0\" data-quicksand=\"disabled\" data-quicksand-duration=\"none\" data-popup-theme=\"theme_6\" data-popup-type=\"pretty-photo\" data-popup-image-text=\"data-description\" data-popup-widthsize=\"auto\" data-popup-heightsize=\"auto\" data-popup-i18n-words=\"{&quot;close&quot;:&quot;schlie\\u00dfen&quot;,&quot;next&quot;:&quot;n\\u00e4chste&quot;,&quot;previous&quot;:&quot;vorherige&quot;,&quot;start_slideshow&quot;:&quot;Starte Slideshow&quot;,&quot;stop_slideshow&quot;:&quot;Stoppe Slideshow&quot;,&quot;image&quot;:&quot;Bild&quot;,&quot;of&quot;:&quot;von&quot;,&quot;prev&quot;:&quot;vorherige&quot;,&quot;cExpand&quot;:&quot;Erweitere&quot;,&quot;cPrevious&quot;:&quot;Vorheriges&quot;,&quot;cNext&quot;:&quot;N\\u00e4chstes&quot;,&quot;cExpandStr&quot;:&quot;Erweitere Bild&quot;,&quot;cRotate&quot;:&quot;Rotate&quot;,&quot;cDetails&quot;:&quot;Details&quot;}\" data-popup-slideshow=\"false\" data-popup-slideshow-speed=\"2500\" data-popup-hoverstop=\"true\" data-popup-slideshow-auto=\"false\" data-popup-background=\"\" data-popup-transparency=\"30\" data-popup-disable-history=\"\" data-popup-disable-changed-url=\"\" data-popup-border-type=\"solid\" data-popup-border-color=\"\" data-popup-border-width=\"\" data-popup-border-enable=\"\" data-fullscreen=\"false\" data-hide-tooltip=\"false\" data-caption-font-family=\"Default\" data-caption-text-size=\"14px\" data-is-mobile=\"0\" data-caption-mobile=\"false\" data-hide-long-tltp-title=\"0\" data-caption-disabled-on-mobile=\"false\" data-lazyload-enable='1' data-lazyload-effect=\"show\" data-lazyload-effect-duration=\"400\" data-popup-placement-type=\"0\" data-social-sharing=\"{&quot;enabled&quot;:&quot;&quot;,&quot;gallerySharing&quot;:{&quot;enabled&quot;:null,&quot;position&quot;:null},&quot;imageSharing&quot;:{&quot;enabled&quot;:null,&quot;wrapperClass&quot;:&quot; vertical &quot;},&quot;popupSharing&quot;:{&quot;enabled&quot;:null,&quot;wrapperClass&quot;:&quot; vertical &quot;}}\" class=\"grid-gallery grid-gallery-fixed one-photo \" style=\" width:100%; height:auto; float: left;position:relative;\"> <div class=\"gallery-loading\"> <div class=\"blocks\"> <div class=\"block\"><\/div> <div class=\"block\"><\/div> <div class=\"block\"><\/div> <div class=\"block\"><\/div> <\/div> <\/div> <div class=\"gallery-sharing-top\"><\/div> <div id=\"photos-1\" class=\"grid-gallery-photos\"><a id=\"gg-1-1\" class=\"gg-link \" data-attachment-id=\"50\" href=\"http:\/\/spidu.dg-dudensen.de\/wp-content\/uploads\/2020\/03\/jubi-paddeln2019_11-scaled.jpg?gid=1\" target=\"_self\" title=\"Paddeln auf der Leine mit anschlie\u00dfendem Grillen auf dem Spielplatz zum 10-j\u00e4hrigen Jubil\u00e4um!\" data-rel=\"prettyPhoto[pp_gal]\" style=\"border-radius:0px;\" ><FIGURE class=\"grid-gallery-caption\" data-grid-gallery-type=\"quarter-slide-up\" data-index=\"0\" style=\"display:none;border:6pxsolid#ffffff; border-radius:0px; box-shadow:0px 4px 10px rgba(0, 0, 0, 1.0);; margin:4.15px; height:215px; width:auto;\" ><div class=\"crop\" style=\"\"><img data-gg-real-image-href=\"http:\/\/spidu.dg-dudensen.de\/wp-content\/uploads\/2020\/03\/jubi-paddeln2019_11-scaled-382x215.jpg\" src=\"http:\/\/spidu.dg-dudensen.de\/wp-content\/plugins\/gallery-by-supsystic\/src\/GridGallery\/Galleries\/assets\/img\/loading.gif\" class=\"ggImg ggLazyImg ggNotInitImg\" alt=\"jubi-paddeln2019_11\" title=\"Paddeln auf der Leine mit anschlie\u00dfendem Grillen auf dem Spielplatz zum 10-j\u00e4hrigen Jubil\u00e4um!\" data-description=\"Paddeln auf der Leine mit anschlie\u00dfendem Grillen auf dem Spielplatz zum 10-j\u00e4hrigen Jubil\u00e4um!\" data-caption=\"jubi-paddeln2019_11\" data-title=\"jubi-paddeln2019_11\" style=\" height:215px; width:auto;\" \/><\/div><FIGCAPTION class=\"\" data-alpha=\"5\" style=\"color:#ffffff; background-color:#6f0000; font-size:14px; text-align:left; font-family:Default;\" ><div class=\"grid-gallery-figcaption-wrap\" style=\" vertical-align:top;\"><\/div><\/FIGCAPTION><\/FIGURE><\/a><a id=\"gg-1-13\" class=\"gg-link hidden-item\" data-attachment-id=\"51\" href=\"http:\/\/spidu.dg-dudensen.de\/wp-content\/uploads\/2020\/03\/jubi-paddeln2019_12-scaled.jpg?gid=1\" target=\"_self\" title=\"Paddeln auf der Leine mit anschlie\u00dfendem Grillen auf dem Spielplatz zum 10-j\u00e4hrigen Jubil\u00e4um!\" data-rel=\"prettyPhoto[pp_gal]\" style=\"border-radius:0px;\" ><FIGURE class=\"grid-gallery-caption hidden-item\" data-grid-gallery-type=\"quarter-slide-up\" data-index=\"1\" style=\"display:none;border:6pxsolid#ffffff; border-radius:0px; box-shadow:0px 4px 10px rgba(0, 0, 0, 1.0);; margin:4.15px; height:215px; width:auto;\" ><div class=\"crop\" style=\"\"><img data-gg-real-image-href=\"http:\/\/spidu.dg-dudensen.de\/wp-content\/uploads\/2020\/03\/jubi-paddeln2019_12-scaled-382x215.jpg\" src=\"http:\/\/spidu.dg-dudensen.de\/wp-content\/plugins\/gallery-by-supsystic\/src\/GridGallery\/Galleries\/assets\/img\/loading.gif\" class=\"ggImg ggLazyImg ggNotInitImg\" alt=\"jubi-paddeln2019_12\" title=\"Paddeln auf der Leine mit anschlie\u00dfendem Grillen auf dem Spielplatz zum 10-j\u00e4hrigen Jubil\u00e4um!\" data-description=\"Paddeln auf der Leine mit anschlie\u00dfendem Grillen auf dem Spielplatz zum 10-j\u00e4hrigen Jubil\u00e4um!\" data-caption=\"jubi-paddeln2019_12\" data-title=\"jubi-paddeln2019_12\" style=\" height:215px; width:auto;\" \/><\/div><FIGCAPTION class=\"\" data-alpha=\"5\" style=\"color:#ffffff; background-color:#6f0000; font-size:14px; text-align:left; font-family:Default;\" ><div class=\"grid-gallery-figcaption-wrap\" style=\" vertical-align:top;\"><\/div><\/FIGCAPTION><\/FIGURE><\/a><a id=\"gg-1-14\" class=\"gg-link hidden-item\" data-attachment-id=\"52\" href=\"http:\/\/spidu.dg-dudensen.de\/wp-content\/uploads\/2020\/03\/jubi-paddeln2019_13-scaled.jpg?gid=1\" target=\"_self\" title=\"Paddeln auf der Leine mit anschlie\u00dfendem Grillen auf dem Spielplatz zum 10-j\u00e4hrigen Jubil\u00e4um!\" data-rel=\"prettyPhoto[pp_gal]\" style=\"border-radius:0px;\" ><FIGURE class=\"grid-gallery-caption hidden-item\" data-grid-gallery-type=\"quarter-slide-up\" data-index=\"2\" style=\"display:none;border:6pxsolid#ffffff; border-radius:0px; box-shadow:0px 4px 10px rgba(0, 0, 0, 1.0);; margin:4.15px; height:215px; width:auto;\" ><div class=\"crop\" style=\"\"><img data-gg-real-image-href=\"http:\/\/spidu.dg-dudensen.de\/wp-content\/uploads\/2020\/03\/jubi-paddeln2019_13-scaled-382x215.jpg\" src=\"http:\/\/spidu.dg-dudensen.de\/wp-content\/plugins\/gallery-by-supsystic\/src\/GridGallery\/Galleries\/assets\/img\/loading.gif\" class=\"ggImg ggLazyImg ggNotInitImg\" alt=\"jubi-paddeln2019_13\" title=\"Paddeln auf der Leine mit anschlie\u00dfendem Grillen auf dem Spielplatz zum 10-j\u00e4hrigen Jubil\u00e4um!\" data-description=\"Paddeln auf der Leine mit anschlie\u00dfendem Grillen auf dem Spielplatz zum 10-j\u00e4hrigen Jubil\u00e4um!\" data-caption=\"jubi-paddeln2019_13\" data-title=\"jubi-paddeln2019_13\" style=\" height:215px; width:auto;\" \/><\/div><FIGCAPTION class=\"\" data-alpha=\"5\" style=\"color:#ffffff; background-color:#6f0000; font-size:14px; text-align:left; font-family:Default;\" ><div class=\"grid-gallery-figcaption-wrap\" style=\" vertical-align:top;\"><\/div><\/FIGCAPTION><\/FIGURE><\/a><a id=\"gg-1-15\" class=\"gg-link hidden-item\" data-attachment-id=\"53\" href=\"http:\/\/spidu.dg-dudensen.de\/wp-content\/uploads\/2020\/03\/jubi-paddeln2019_14-scaled.jpg?gid=1\" target=\"_self\" title=\"Paddeln auf der Leine mit anschlie\u00dfendem Grillen auf dem Spielplatz zum 10-j\u00e4hrigen Jubil\u00e4um!\" data-rel=\"prettyPhoto[pp_gal]\" style=\"border-radius:0px;\" ><FIGURE class=\"grid-gallery-caption hidden-item\" data-grid-gallery-type=\"quarter-slide-up\" data-index=\"3\" style=\"display:none;border:6pxsolid#ffffff; border-radius:0px; box-shadow:0px 4px 10px rgba(0, 0, 0, 1.0);; margin:4.15px; height:215px; width:auto;\" ><div class=\"crop\" style=\"\"><img data-gg-real-image-href=\"http:\/\/spidu.dg-dudensen.de\/wp-content\/uploads\/2020\/03\/jubi-paddeln2019_14-scaled-382x215.jpg\" src=\"http:\/\/spidu.dg-dudensen.de\/wp-content\/plugins\/gallery-by-supsystic\/src\/GridGallery\/Galleries\/assets\/img\/loading.gif\" class=\"ggImg ggLazyImg ggNotInitImg\" alt=\"jubi-paddeln2019_14\" title=\"Paddeln auf der Leine mit anschlie\u00dfendem Grillen auf dem Spielplatz zum 10-j\u00e4hrigen Jubil\u00e4um!\" data-description=\"Paddeln auf der Leine mit anschlie\u00dfendem Grillen auf dem Spielplatz zum 10-j\u00e4hrigen Jubil\u00e4um!\" data-caption=\"jubi-paddeln2019_14\" data-title=\"jubi-paddeln2019_14\" style=\" height:215px; width:auto;\" \/><\/div><FIGCAPTION class=\"\" data-alpha=\"5\" style=\"color:#ffffff; background-color:#6f0000; font-size:14px; text-align:left; font-family:Default;\" ><div class=\"grid-gallery-figcaption-wrap\" style=\" vertical-align:top;\"><\/div><\/FIGCAPTION><\/FIGURE><\/a><a id=\"gg-1-16\" class=\"gg-link hidden-item\" data-attachment-id=\"54\" href=\"http:\/\/spidu.dg-dudensen.de\/wp-content\/uploads\/2020\/03\/jubi-paddeln2019_15-scaled.jpg?gid=1\" target=\"_self\" title=\"Paddeln auf der Leine mit anschlie\u00dfendem Grillen auf dem Spielplatz zum 10-j\u00e4hrigen Jubil\u00e4um!\" data-rel=\"prettyPhoto[pp_gal]\" style=\"border-radius:0px;\" ><FIGURE class=\"grid-gallery-caption hidden-item\" data-grid-gallery-type=\"quarter-slide-up\" data-index=\"4\" style=\"display:none;border:6pxsolid#ffffff; border-radius:0px; box-shadow:0px 4px 10px rgba(0, 0, 0, 1.0);; margin:4.15px; height:215px; width:auto;\" ><div class=\"crop\" style=\"\"><img data-gg-real-image-href=\"http:\/\/spidu.dg-dudensen.de\/wp-content\/uploads\/2020\/03\/jubi-paddeln2019_15-scaled-382x215.jpg\" src=\"http:\/\/spidu.dg-dudensen.de\/wp-content\/plugins\/gallery-by-supsystic\/src\/GridGallery\/Galleries\/assets\/img\/loading.gif\" class=\"ggImg ggLazyImg ggNotInitImg\" alt=\"jubi-paddeln2019_15\" title=\"Paddeln auf der Leine mit anschlie\u00dfendem Grillen auf dem Spielplatz zum 10-j\u00e4hrigen Jubil\u00e4um!\" data-description=\"Paddeln auf der Leine mit anschlie\u00dfendem Grillen auf dem Spielplatz zum 10-j\u00e4hrigen Jubil\u00e4um!\" data-caption=\"jubi-paddeln2019_15\" data-title=\"jubi-paddeln2019_15\" style=\" height:215px; width:auto;\" \/><\/div><FIGCAPTION class=\"\" data-alpha=\"5\" style=\"color:#ffffff; background-color:#6f0000; font-size:14px; text-align:left; font-family:Default;\" ><div class=\"grid-gallery-figcaption-wrap\" style=\" vertical-align:top;\"><\/div><\/FIGCAPTION><\/FIGURE><\/a><a id=\"gg-1-17\" class=\"gg-link hidden-item\" data-attachment-id=\"55\" href=\"http:\/\/spidu.dg-dudensen.de\/wp-content\/uploads\/2020\/03\/jubi-paddeln2019_16-scaled.jpg?gid=1\" target=\"_self\" title=\"Paddeln auf der Leine mit anschlie\u00dfendem Grillen auf dem Spielplatz zum 10-j\u00e4hrigen Jubil\u00e4um!\" data-rel=\"prettyPhoto[pp_gal]\" style=\"border-radius:0px;\" ><FIGURE class=\"grid-gallery-caption hidden-item\" data-grid-gallery-type=\"quarter-slide-up\" data-index=\"5\" style=\"display:none;border:6pxsolid#ffffff; border-radius:0px; box-shadow:0px 4px 10px rgba(0, 0, 0, 1.0);; margin:4.15px; height:215px; width:auto;\" ><div class=\"crop\" style=\"\"><img data-gg-real-image-href=\"http:\/\/spidu.dg-dudensen.de\/wp-content\/uploads\/2020\/03\/jubi-paddeln2019_16-scaled-121x215.jpg\" src=\"http:\/\/spidu.dg-dudensen.de\/wp-content\/plugins\/gallery-by-supsystic\/src\/GridGallery\/Galleries\/assets\/img\/loading.gif\" class=\"ggImg ggLazyImg ggNotInitImg\" alt=\"jubi-paddeln2019_16\" title=\"Paddeln auf der Leine mit anschlie\u00dfendem Grillen auf dem Spielplatz zum 10-j\u00e4hrigen Jubil\u00e4um!\" data-description=\"Paddeln auf der Leine mit anschlie\u00dfendem Grillen auf dem Spielplatz zum 10-j\u00e4hrigen Jubil\u00e4um!\" data-caption=\"jubi-paddeln2019_16\" data-title=\"jubi-paddeln2019_16\" style=\" height:215px; width:auto;\" \/><\/div><FIGCAPTION class=\"\" data-alpha=\"5\" style=\"color:#ffffff; background-color:#6f0000; font-size:14px; text-align:left; font-family:Default;\" ><div class=\"grid-gallery-figcaption-wrap\" style=\" vertical-align:top;\"><\/div><\/FIGCAPTION><\/FIGURE><\/a><a id=\"gg-1-18\" class=\"gg-link hidden-item\" data-attachment-id=\"56\" href=\"http:\/\/spidu.dg-dudensen.de\/wp-content\/uploads\/2020\/03\/jubi-paddeln2019_17-scaled.jpg?gid=1\" target=\"_self\" title=\"Paddeln auf der Leine mit anschlie\u00dfendem Grillen auf dem Spielplatz zum 10-j\u00e4hrigen Jubil\u00e4um!\" data-rel=\"prettyPhoto[pp_gal]\" style=\"border-radius:0px;\" ><FIGURE class=\"grid-gallery-caption hidden-item\" data-grid-gallery-type=\"quarter-slide-up\" data-index=\"6\" style=\"display:none;border:6pxsolid#ffffff; border-radius:0px; box-shadow:0px 4px 10px rgba(0, 0, 0, 1.0);; margin:4.15px; height:215px; width:auto;\" ><div class=\"crop\" style=\"\"><img data-gg-real-image-href=\"http:\/\/spidu.dg-dudensen.de\/wp-content\/uploads\/2020\/03\/jubi-paddeln2019_17-scaled-382x215.jpg\" src=\"http:\/\/spidu.dg-dudensen.de\/wp-content\/plugins\/gallery-by-supsystic\/src\/GridGallery\/Galleries\/assets\/img\/loading.gif\" class=\"ggImg ggLazyImg ggNotInitImg\" alt=\"jubi-paddeln2019_17\" title=\"Paddeln auf der Leine mit anschlie\u00dfendem Grillen auf dem Spielplatz zum 10-j\u00e4hrigen Jubil\u00e4um!\" data-description=\"Paddeln auf der Leine mit anschlie\u00dfendem Grillen auf dem Spielplatz zum 10-j\u00e4hrigen Jubil\u00e4um!\" data-caption=\"jubi-paddeln2019_17\" data-title=\"jubi-paddeln2019_17\" style=\" height:215px; width:auto;\" \/><\/div><FIGCAPTION class=\"\" data-alpha=\"5\" style=\"color:#ffffff; background-color:#6f0000; font-size:14px; text-align:left; font-family:Default;\" ><div class=\"grid-gallery-figcaption-wrap\" style=\" vertical-align:top;\"><\/div><\/FIGCAPTION><\/FIGURE><\/a><a id=\"gg-1-19\" class=\"gg-link hidden-item\" data-attachment-id=\"57\" href=\"http:\/\/spidu.dg-dudensen.de\/wp-content\/uploads\/2020\/03\/jubi-paddeln2019_18-scaled.jpg?gid=1\" target=\"_self\" title=\"Paddeln auf der Leine mit anschlie\u00dfendem Grillen auf dem Spielplatz zum 10-j\u00e4hrigen Jubil\u00e4um!\" data-rel=\"prettyPhoto[pp_gal]\" style=\"border-radius:0px;\" ><FIGURE class=\"grid-gallery-caption hidden-item\" data-grid-gallery-type=\"quarter-slide-up\" data-index=\"7\" style=\"display:none;border:6pxsolid#ffffff; border-radius:0px; box-shadow:0px 4px 10px rgba(0, 0, 0, 1.0);; margin:4.15px; height:215px; width:auto;\" ><div class=\"crop\" style=\"\"><img data-gg-real-image-href=\"http:\/\/spidu.dg-dudensen.de\/wp-content\/uploads\/2020\/03\/jubi-paddeln2019_18-scaled-382x215.jpg\" src=\"http:\/\/spidu.dg-dudensen.de\/wp-content\/plugins\/gallery-by-supsystic\/src\/GridGallery\/Galleries\/assets\/img\/loading.gif\" class=\"ggImg ggLazyImg ggNotInitImg\" alt=\"jubi-paddeln2019_18\" title=\"Paddeln auf der Leine mit anschlie\u00dfendem Grillen auf dem Spielplatz zum 10-j\u00e4hrigen Jubil\u00e4um!\" data-description=\"Paddeln auf der Leine mit anschlie\u00dfendem Grillen auf dem Spielplatz zum 10-j\u00e4hrigen Jubil\u00e4um!\" data-caption=\"jubi-paddeln2019_18\" data-title=\"jubi-paddeln2019_18\" style=\" height:215px; width:auto;\" \/><\/div><FIGCAPTION class=\"\" data-alpha=\"5\" style=\"color:#ffffff; background-color:#6f0000; font-size:14px; text-align:left; font-family:Default;\" ><div class=\"grid-gallery-figcaption-wrap\" style=\" vertical-align:top;\"><\/div><\/FIGCAPTION><\/FIGURE><\/a><a id=\"gg-1-20\" class=\"gg-link hidden-item\" data-attachment-id=\"58\" href=\"http:\/\/spidu.dg-dudensen.de\/wp-content\/uploads\/2020\/03\/jubi-paddeln2019_19-scaled.jpg?gid=1\" target=\"_self\" title=\"Paddeln auf der Leine mit anschlie\u00dfendem Grillen auf dem Spielplatz zum 10-j\u00e4hrigen Jubil\u00e4um!\" data-rel=\"prettyPhoto[pp_gal]\" style=\"border-radius:0px;\" ><FIGURE class=\"grid-gallery-caption hidden-item\" data-grid-gallery-type=\"quarter-slide-up\" data-index=\"8\" style=\"display:none;border:6pxsolid#ffffff; border-radius:0px; box-shadow:0px 4px 10px rgba(0, 0, 0, 1.0);; margin:4.15px; height:215px; width:auto;\" ><div class=\"crop\" style=\"\"><img data-gg-real-image-href=\"http:\/\/spidu.dg-dudensen.de\/wp-content\/uploads\/2020\/03\/jubi-paddeln2019_19-scaled-382x215.jpg\" src=\"http:\/\/spidu.dg-dudensen.de\/wp-content\/plugins\/gallery-by-supsystic\/src\/GridGallery\/Galleries\/assets\/img\/loading.gif\" class=\"ggImg ggLazyImg ggNotInitImg\" alt=\"jubi-paddeln2019_19\" title=\"Paddeln auf der Leine mit anschlie\u00dfendem Grillen auf dem Spielplatz zum 10-j\u00e4hrigen Jubil\u00e4um!\" data-description=\"Paddeln auf der Leine mit anschlie\u00dfendem Grillen auf dem Spielplatz zum 10-j\u00e4hrigen Jubil\u00e4um!\" data-caption=\"jubi-paddeln2019_19\" data-title=\"jubi-paddeln2019_19\" style=\" height:215px; width:auto;\" \/><\/div><FIGCAPTION class=\"\" data-alpha=\"5\" style=\"color:#ffffff; background-color:#6f0000; font-size:14px; text-align:left; font-family:Default;\" ><div class=\"grid-gallery-figcaption-wrap\" style=\" vertical-align:top;\"><\/div><\/FIGCAPTION><\/FIGURE><\/a><a id=\"gg-1-21\" class=\"gg-link hidden-item\" data-attachment-id=\"59\" href=\"http:\/\/spidu.dg-dudensen.de\/wp-content\/uploads\/2020\/03\/jubi-paddeln2019_20-scaled.jpg?gid=1\" target=\"_self\" title=\"Paddeln auf der Leine mit anschlie\u00dfendem Grillen auf dem Spielplatz zum 10-j\u00e4hrigen Jubil\u00e4um!\" data-rel=\"prettyPhoto[pp_gal]\" style=\"border-radius:0px;\" ><FIGURE class=\"grid-gallery-caption hidden-item\" data-grid-gallery-type=\"quarter-slide-up\" data-index=\"9\" style=\"display:none;border:6pxsolid#ffffff; border-radius:0px; box-shadow:0px 4px 10px rgba(0, 0, 0, 1.0);; margin:4.15px; height:215px; width:auto;\" ><div class=\"crop\" style=\"\"><img data-gg-real-image-href=\"http:\/\/spidu.dg-dudensen.de\/wp-content\/uploads\/2020\/03\/jubi-paddeln2019_20-scaled-121x215.jpg\" src=\"http:\/\/spidu.dg-dudensen.de\/wp-content\/plugins\/gallery-by-supsystic\/src\/GridGallery\/Galleries\/assets\/img\/loading.gif\" class=\"ggImg ggLazyImg ggNotInitImg\" alt=\"jubi-paddeln2019_20\" title=\"Paddeln auf der Leine mit anschlie\u00dfendem Grillen auf dem Spielplatz zum 10-j\u00e4hrigen Jubil\u00e4um!\" data-description=\"Paddeln auf der Leine mit anschlie\u00dfendem Grillen auf dem Spielplatz zum 10-j\u00e4hrigen Jubil\u00e4um!\" data-caption=\"jubi-paddeln2019_20\" data-title=\"jubi-paddeln2019_20\" style=\" height:215px; width:auto;\" \/><\/div><FIGCAPTION class=\"\" data-alpha=\"5\" style=\"color:#ffffff; background-color:#6f0000; font-size:14px; text-align:left; font-family:Default;\" ><div class=\"grid-gallery-figcaption-wrap\" style=\" vertical-align:top;\"><\/div><\/FIGCAPTION><\/FIGURE><\/a><a id=\"gg-1-22\" class=\"gg-link hidden-item\" data-attachment-id=\"60\" href=\"http:\/\/spidu.dg-dudensen.de\/wp-content\/uploads\/2020\/03\/jubi-paddeln2019_21.jpg?gid=1\" target=\"_self\" title=\"Paddeln auf der Leine mit anschlie\u00dfendem Grillen auf dem Spielplatz zum 10-j\u00e4hrigen Jubil\u00e4um!\" data-rel=\"prettyPhoto[pp_gal]\" style=\"border-radius:0px;\" ><FIGURE class=\"grid-gallery-caption hidden-item\" data-grid-gallery-type=\"quarter-slide-up\" data-index=\"10\" style=\"display:none;border:6pxsolid#ffffff; border-radius:0px; box-shadow:0px 4px 10px rgba(0, 0, 0, 1.0);; margin:4.15px; height:215px; width:auto;\" ><div class=\"crop\" style=\"\"><img data-gg-real-image-href=\"http:\/\/spidu.dg-dudensen.de\/wp-content\/uploads\/2020\/03\/jubi-paddeln2019_21-382x215.jpg\" src=\"http:\/\/spidu.dg-dudensen.de\/wp-content\/plugins\/gallery-by-supsystic\/src\/GridGallery\/Galleries\/assets\/img\/loading.gif\" class=\"ggImg ggLazyImg ggNotInitImg\" alt=\"jubi-paddeln2019_21\" title=\"Paddeln auf der Leine mit anschlie\u00dfendem Grillen auf dem Spielplatz zum 10-j\u00e4hrigen Jubil\u00e4um!\" data-description=\"Paddeln auf der Leine mit anschlie\u00dfendem Grillen auf dem Spielplatz zum 10-j\u00e4hrigen Jubil\u00e4um!\" data-caption=\"jubi-paddeln2019_21\" data-title=\"jubi-paddeln2019_21\" style=\" height:215px; width:auto;\" \/><\/div><FIGCAPTION class=\"\" data-alpha=\"5\" style=\"color:#ffffff; background-color:#6f0000; font-size:14px; text-align:left; font-family:Default;\" ><div class=\"grid-gallery-figcaption-wrap\" style=\" vertical-align:top;\"><\/div><\/FIGCAPTION><\/FIGURE><\/a><a id=\"gg-1-23\" class=\"gg-link hidden-item\" data-attachment-id=\"61\" href=\"http:\/\/spidu.dg-dudensen.de\/wp-content\/uploads\/2020\/03\/jubi-paddeln2019_22.jpg?gid=1\" target=\"_self\" title=\"Paddeln auf der Leine mit anschlie\u00dfendem Grillen auf dem Spielplatz zum 10-j\u00e4hrigen Jubil\u00e4um!\" data-rel=\"prettyPhoto[pp_gal]\" style=\"border-radius:0px;\" ><FIGURE class=\"grid-gallery-caption hidden-item\" data-grid-gallery-type=\"quarter-slide-up\" data-index=\"11\" style=\"display:none;border:6pxsolid#ffffff; border-radius:0px; box-shadow:0px 4px 10px rgba(0, 0, 0, 1.0);; margin:4.15px; height:215px; width:auto;\" ><div class=\"crop\" style=\"\"><img data-gg-real-image-href=\"http:\/\/spidu.dg-dudensen.de\/wp-content\/uploads\/2020\/03\/jubi-paddeln2019_22-382x215.jpg\" src=\"http:\/\/spidu.dg-dudensen.de\/wp-content\/plugins\/gallery-by-supsystic\/src\/GridGallery\/Galleries\/assets\/img\/loading.gif\" class=\"ggImg ggLazyImg ggNotInitImg\" alt=\"jubi-paddeln2019_22\" title=\"Paddeln auf der Leine mit anschlie\u00dfendem Grillen auf dem Spielplatz zum 10-j\u00e4hrigen Jubil\u00e4um!\" data-description=\"Paddeln auf der Leine mit anschlie\u00dfendem Grillen auf dem Spielplatz zum 10-j\u00e4hrigen Jubil\u00e4um!\" data-caption=\"jubi-paddeln2019_22\" data-title=\"jubi-paddeln2019_22\" style=\" height:215px; width:auto;\" \/><\/div><FIGCAPTION class=\"\" data-alpha=\"5\" style=\"color:#ffffff; background-color:#6f0000; font-size:14px; text-align:left; font-family:Default;\" ><div class=\"grid-gallery-figcaption-wrap\" style=\" vertical-align:top;\"><\/div><\/FIGCAPTION><\/FIGURE><\/a> <div class=\"grid-gallery-clearfix\"><\/div> <\/div> <div class=\"gallery-sharing-bottom\"><\/div> <div class=\"grid-gallery-clearfix\"><\/div> <\/div> <!-- Gallery by Supsystic plugin1.15.4 -->\n\n\n\n<h2>2017&#8230; Sommerfest und Fu\u00dfballtunier<\/h2>\n\n\n\n<div id=\"grid-gallery-3-98453\" data-gg-id=\"3\" data-title=\"Sommerfest 2017\" data-grid-type=\"2\" data-offset=\"8.3\" data-area-position=\"left\" data-icons=\"false\" data-preloader=\"true\" data-width=\"auto\" data-height=\"215\" data-padding=\"0\" data-quicksand=\"disabled\" data-quicksand-duration=\"none\" data-popup-theme=\"theme_6\" data-popup-type=\"pretty-photo\" data-popup-image-text=\"data-description\" data-popup-widthsize=\"auto\" data-popup-heightsize=\"auto\" data-popup-i18n-words=\"{&quot;close&quot;:&quot;schlie\\u00dfen&quot;,&quot;next&quot;:&quot;n\\u00e4chste&quot;,&quot;previous&quot;:&quot;vorherige&quot;,&quot;start_slideshow&quot;:&quot;Starte Slideshow&quot;,&quot;stop_slideshow&quot;:&quot;Stoppe Slideshow&quot;,&quot;image&quot;:&quot;Bild&quot;,&quot;of&quot;:&quot;von&quot;,&quot;prev&quot;:&quot;vorherige&quot;,&quot;cExpand&quot;:&quot;Erweitere&quot;,&quot;cPrevious&quot;:&quot;Vorheriges&quot;,&quot;cNext&quot;:&quot;N\\u00e4chstes&quot;,&quot;cExpandStr&quot;:&quot;Erweitere Bild&quot;,&quot;cRotate&quot;:&quot;Rotate&quot;,&quot;cDetails&quot;:&quot;Details&quot;}\" data-popup-slideshow=\"false\" data-popup-slideshow-speed=\"2500\" data-popup-hoverstop=\"true\" data-popup-slideshow-auto=\"false\" data-popup-background=\"\" data-popup-transparency=\"30\" data-popup-disable-history=\"\" data-popup-disable-changed-url=\"\" data-popup-border-type=\"solid\" data-popup-border-color=\"\" data-popup-border-width=\"\" data-popup-border-enable=\"\" data-fullscreen=\"false\" data-hide-tooltip=\"false\" data-caption-font-family=\"Default\" data-caption-text-size=\"14px\" data-is-mobile=\"0\" data-caption-mobile=\"false\" data-hide-long-tltp-title=\"0\" data-caption-disabled-on-mobile=\"false\" data-lazyload-enable='1' data-lazyload-effect=\"show\" data-lazyload-effect-duration=\"400\" data-popup-placement-type=\"0\" data-social-sharing=\"{&quot;enabled&quot;:&quot;&quot;,&quot;gallerySharing&quot;:{&quot;enabled&quot;:null,&quot;position&quot;:null},&quot;imageSharing&quot;:{&quot;enabled&quot;:null,&quot;wrapperClass&quot;:&quot; vertical &quot;},&quot;popupSharing&quot;:{&quot;enabled&quot;:null,&quot;wrapperClass&quot;:&quot; vertical &quot;}}\" class=\"grid-gallery grid-gallery-fixed one-photo \" style=\" width:100%; height:auto; float: left;position:relative;\"> <div class=\"gallery-loading\"> <div class=\"blocks\"> <div class=\"block\"><\/div> <div class=\"block\"><\/div> <div class=\"block\"><\/div> <div class=\"block\"><\/div> <\/div> <\/div> <div class=\"gallery-sharing-top\"><\/div> <div id=\"photos-3\" class=\"grid-gallery-photos\"><a id=\"gg-3-50\" class=\"gg-link \" data-attachment-id=\"147\" href=\"http:\/\/spidu.dg-dudensen.de\/wp-content\/uploads\/2020\/04\/sommerfest2017_10-scaled.jpg?gid=3\" target=\"_self\" title=\"sommerfest2017_10\" data-rel=\"prettyPhoto[pp_gal]\" style=\"border-radius:0px;\" ><FIGURE class=\"grid-gallery-caption\" data-grid-gallery-type=\"quarter-slide-up\" data-index=\"0\" style=\"display:none;border:6pxsolid#ffffff; border-radius:0px; box-shadow:0px 4px 10px rgba(0, 0, 0, 1.0);; margin:4.15px; height:215px; width:auto;\" ><div class=\"crop\" style=\"\"><img data-gg-real-image-href=\"http:\/\/spidu.dg-dudensen.de\/wp-content\/uploads\/2020\/04\/sommerfest2017_10-scaled-325x215.jpg\" src=\"http:\/\/spidu.dg-dudensen.de\/wp-content\/plugins\/gallery-by-supsystic\/src\/GridGallery\/Galleries\/assets\/img\/loading.gif\" class=\"ggImg ggLazyImg ggNotInitImg\" alt=\"sommerfest2017_10\" title=\"sommerfest2017_10\" data-description=\"sommerfest2017_10\" data-caption=\"sommerfest2017_10\" data-title=\"sommerfest2017_10\" style=\" height:215px; width:auto;\" \/><\/div><FIGCAPTION class=\"\" data-alpha=\"5\" style=\"color:#ffffff; background-color:#6f0000; font-size:14px; text-align:left; font-family:Default;\" ><div class=\"grid-gallery-figcaption-wrap\" style=\" vertical-align:top;\"><\/div><\/FIGCAPTION><\/FIGURE><\/a><a id=\"gg-3-51\" class=\"gg-link hidden-item\" data-attachment-id=\"148\" href=\"http:\/\/spidu.dg-dudensen.de\/wp-content\/uploads\/2020\/04\/sommerfest2017_11.jpg?gid=3\" target=\"_self\" title=\"sommerfest2017_11\" data-rel=\"prettyPhoto[pp_gal]\" style=\"border-radius:0px;\" ><FIGURE class=\"grid-gallery-caption hidden-item\" data-grid-gallery-type=\"quarter-slide-up\" data-index=\"1\" style=\"display:none;border:6pxsolid#ffffff; border-radius:0px; box-shadow:0px 4px 10px rgba(0, 0, 0, 1.0);; margin:4.15px; height:215px; width:auto;\" ><div class=\"crop\" style=\"\"><img data-gg-real-image-href=\"http:\/\/spidu.dg-dudensen.de\/wp-content\/uploads\/2020\/04\/sommerfest2017_11-281x215.jpg\" src=\"http:\/\/spidu.dg-dudensen.de\/wp-content\/plugins\/gallery-by-supsystic\/src\/GridGallery\/Galleries\/assets\/img\/loading.gif\" class=\"ggImg ggLazyImg ggNotInitImg\" alt=\"sommerfest2017_11\" title=\"sommerfest2017_11\" data-description=\"sommerfest2017_11\" data-caption=\"sommerfest2017_11\" data-title=\"sommerfest2017_11\" style=\" height:215px; width:auto;\" \/><\/div><FIGCAPTION class=\"\" data-alpha=\"5\" style=\"color:#ffffff; background-color:#6f0000; font-size:14px; text-align:left; font-family:Default;\" ><div class=\"grid-gallery-figcaption-wrap\" style=\" vertical-align:top;\"><\/div><\/FIGCAPTION><\/FIGURE><\/a><a id=\"gg-3-52\" class=\"gg-link hidden-item\" data-attachment-id=\"149\" href=\"http:\/\/spidu.dg-dudensen.de\/wp-content\/uploads\/2020\/04\/sommerfest2017_12-scaled.jpg?gid=3\" target=\"_self\" title=\"sommerfest2017_12\" data-rel=\"prettyPhoto[pp_gal]\" style=\"border-radius:0px;\" ><FIGURE class=\"grid-gallery-caption hidden-item\" data-grid-gallery-type=\"quarter-slide-up\" data-index=\"2\" style=\"display:none;border:6pxsolid#ffffff; border-radius:0px; box-shadow:0px 4px 10px rgba(0, 0, 0, 1.0);; margin:4.15px; height:215px; width:auto;\" ><div class=\"crop\" style=\"\"><img data-gg-real-image-href=\"http:\/\/spidu.dg-dudensen.de\/wp-content\/uploads\/2020\/04\/sommerfest2017_12-scaled-325x215.jpg\" src=\"http:\/\/spidu.dg-dudensen.de\/wp-content\/plugins\/gallery-by-supsystic\/src\/GridGallery\/Galleries\/assets\/img\/loading.gif\" class=\"ggImg ggLazyImg ggNotInitImg\" alt=\"sommerfest2017_12\" title=\"sommerfest2017_12\" data-description=\"sommerfest2017_12\" data-caption=\"sommerfest2017_12\" data-title=\"sommerfest2017_12\" style=\" height:215px; width:auto;\" \/><\/div><FIGCAPTION class=\"\" data-alpha=\"5\" style=\"color:#ffffff; background-color:#6f0000; font-size:14px; text-align:left; font-family:Default;\" ><div class=\"grid-gallery-figcaption-wrap\" style=\" vertical-align:top;\"><\/div><\/FIGCAPTION><\/FIGURE><\/a><a id=\"gg-3-53\" class=\"gg-link hidden-item\" data-attachment-id=\"150\" href=\"http:\/\/spidu.dg-dudensen.de\/wp-content\/uploads\/2020\/04\/sommerfest2017_13-scaled.jpg?gid=3\" target=\"_self\" title=\"sommerfest2017_13\" data-rel=\"prettyPhoto[pp_gal]\" style=\"border-radius:0px;\" ><FIGURE class=\"grid-gallery-caption hidden-item\" data-grid-gallery-type=\"quarter-slide-up\" data-index=\"3\" style=\"display:none;border:6pxsolid#ffffff; border-radius:0px; box-shadow:0px 4px 10px rgba(0, 0, 0, 1.0);; margin:4.15px; height:215px; width:auto;\" ><div class=\"crop\" style=\"\"><img data-gg-real-image-href=\"http:\/\/spidu.dg-dudensen.de\/wp-content\/uploads\/2020\/04\/sommerfest2017_13-scaled-142x215.jpg\" src=\"http:\/\/spidu.dg-dudensen.de\/wp-content\/plugins\/gallery-by-supsystic\/src\/GridGallery\/Galleries\/assets\/img\/loading.gif\" class=\"ggImg ggLazyImg ggNotInitImg\" alt=\"sommerfest2017_13\" title=\"sommerfest2017_13\" data-description=\"sommerfest2017_13\" data-caption=\"sommerfest2017_13\" data-title=\"sommerfest2017_13\" style=\" height:215px; width:auto;\" \/><\/div><FIGCAPTION class=\"\" data-alpha=\"5\" style=\"color:#ffffff; background-color:#6f0000; font-size:14px; text-align:left; font-family:Default;\" ><div class=\"grid-gallery-figcaption-wrap\" style=\" vertical-align:top;\"><\/div><\/FIGCAPTION><\/FIGURE><\/a><a id=\"gg-3-54\" class=\"gg-link hidden-item\" data-attachment-id=\"157\" href=\"http:\/\/spidu.dg-dudensen.de\/wp-content\/uploads\/2020\/04\/sommerfest2017_19-scaled.jpg?gid=3\" target=\"_self\" title=\"sommerfest2017_19\" data-rel=\"prettyPhoto[pp_gal]\" style=\"border-radius:0px;\" ><FIGURE class=\"grid-gallery-caption hidden-item\" data-grid-gallery-type=\"quarter-slide-up\" data-index=\"4\" style=\"display:none;border:6pxsolid#ffffff; border-radius:0px; box-shadow:0px 4px 10px rgba(0, 0, 0, 1.0);; margin:4.15px; height:215px; width:auto;\" ><div class=\"crop\" style=\"\"><img data-gg-real-image-href=\"http:\/\/spidu.dg-dudensen.de\/wp-content\/uploads\/2020\/04\/sommerfest2017_19-scaled-325x215.jpg\" src=\"http:\/\/spidu.dg-dudensen.de\/wp-content\/plugins\/gallery-by-supsystic\/src\/GridGallery\/Galleries\/assets\/img\/loading.gif\" class=\"ggImg ggLazyImg ggNotInitImg\" alt=\"sommerfest2017_19\" title=\"sommerfest2017_19\" data-description=\"sommerfest2017_19\" data-caption=\"sommerfest2017_19\" data-title=\"sommerfest2017_19\" style=\" height:215px; width:auto;\" \/><\/div><FIGCAPTION class=\"\" data-alpha=\"5\" style=\"color:#ffffff; background-color:#6f0000; font-size:14px; text-align:left; font-family:Default;\" ><div class=\"grid-gallery-figcaption-wrap\" style=\" vertical-align:top;\"><\/div><\/FIGCAPTION><\/FIGURE><\/a><a id=\"gg-3-55\" class=\"gg-link hidden-item\" data-attachment-id=\"151\" href=\"http:\/\/spidu.dg-dudensen.de\/wp-content\/uploads\/2020\/04\/Sommerfest2017_13a-scaled.jpg?gid=3\" target=\"_self\" title=\"Sommerfest2017_13a\" data-rel=\"prettyPhoto[pp_gal]\" style=\"border-radius:0px;\" ><FIGURE class=\"grid-gallery-caption hidden-item\" data-grid-gallery-type=\"quarter-slide-up\" data-index=\"5\" style=\"display:none;border:6pxsolid#ffffff; border-radius:0px; box-shadow:0px 4px 10px rgba(0, 0, 0, 1.0);; margin:4.15px; height:215px; width:auto;\" ><div class=\"crop\" style=\"\"><img data-gg-real-image-href=\"http:\/\/spidu.dg-dudensen.de\/wp-content\/uploads\/2020\/04\/Sommerfest2017_13a-scaled-325x215.jpg\" src=\"http:\/\/spidu.dg-dudensen.de\/wp-content\/plugins\/gallery-by-supsystic\/src\/GridGallery\/Galleries\/assets\/img\/loading.gif\" class=\"ggImg ggLazyImg ggNotInitImg\" alt=\"Sommerfest2017_13a\" title=\"Sommerfest2017_13a\" data-description=\"Sommerfest2017_13a\" data-caption=\"Sommerfest2017_13a\" data-title=\"Sommerfest2017_13a\" style=\" height:215px; width:auto;\" \/><\/div><FIGCAPTION class=\"\" data-alpha=\"5\" style=\"color:#ffffff; background-color:#6f0000; font-size:14px; text-align:left; font-family:Default;\" ><div class=\"grid-gallery-figcaption-wrap\" style=\" vertical-align:top;\"><\/div><\/FIGCAPTION><\/FIGURE><\/a><a id=\"gg-3-56\" class=\"gg-link hidden-item\" data-attachment-id=\"158\" href=\"http:\/\/spidu.dg-dudensen.de\/wp-content\/uploads\/2020\/04\/sommerfest2017_20-scaled.jpg?gid=3\" target=\"_self\" title=\"sommerfest2017_20\" data-rel=\"prettyPhoto[pp_gal]\" style=\"border-radius:0px;\" ><FIGURE class=\"grid-gallery-caption hidden-item\" data-grid-gallery-type=\"quarter-slide-up\" data-index=\"6\" style=\"display:none;border:6pxsolid#ffffff; border-radius:0px; box-shadow:0px 4px 10px rgba(0, 0, 0, 1.0);; margin:4.15px; height:215px; width:auto;\" ><div class=\"crop\" style=\"\"><img data-gg-real-image-href=\"http:\/\/spidu.dg-dudensen.de\/wp-content\/uploads\/2020\/04\/sommerfest2017_20-scaled-325x215.jpg\" src=\"http:\/\/spidu.dg-dudensen.de\/wp-content\/plugins\/gallery-by-supsystic\/src\/GridGallery\/Galleries\/assets\/img\/loading.gif\" class=\"ggImg ggLazyImg ggNotInitImg\" alt=\"sommerfest2017_20\" title=\"sommerfest2017_20\" data-description=\"sommerfest2017_20\" data-caption=\"sommerfest2017_20\" data-title=\"sommerfest2017_20\" style=\" height:215px; width:auto;\" \/><\/div><FIGCAPTION class=\"\" data-alpha=\"5\" style=\"color:#ffffff; background-color:#6f0000; font-size:14px; text-align:left; font-family:Default;\" ><div class=\"grid-gallery-figcaption-wrap\" style=\" vertical-align:top;\"><\/div><\/FIGCAPTION><\/FIGURE><\/a><a id=\"gg-3-57\" class=\"gg-link hidden-item\" data-attachment-id=\"156\" href=\"http:\/\/spidu.dg-dudensen.de\/wp-content\/uploads\/2020\/04\/sommerfest2017_18-scaled.jpg?gid=3\" target=\"_self\" title=\"sommerfest2017_18\" data-rel=\"prettyPhoto[pp_gal]\" style=\"border-radius:0px;\" ><FIGURE class=\"grid-gallery-caption hidden-item\" data-grid-gallery-type=\"quarter-slide-up\" data-index=\"7\" style=\"display:none;border:6pxsolid#ffffff; border-radius:0px; box-shadow:0px 4px 10px rgba(0, 0, 0, 1.0);; margin:4.15px; height:215px; width:auto;\" ><div class=\"crop\" style=\"\"><img data-gg-real-image-href=\"http:\/\/spidu.dg-dudensen.de\/wp-content\/uploads\/2020\/04\/sommerfest2017_18-scaled-325x215.jpg\" src=\"http:\/\/spidu.dg-dudensen.de\/wp-content\/plugins\/gallery-by-supsystic\/src\/GridGallery\/Galleries\/assets\/img\/loading.gif\" class=\"ggImg ggLazyImg ggNotInitImg\" alt=\"sommerfest2017_18\" title=\"sommerfest2017_18\" data-description=\"sommerfest2017_18\" data-caption=\"sommerfest2017_18\" data-title=\"sommerfest2017_18\" style=\" height:215px; width:auto;\" \/><\/div><FIGCAPTION class=\"\" data-alpha=\"5\" style=\"color:#ffffff; background-color:#6f0000; font-size:14px; text-align:left; font-family:Default;\" ><div class=\"grid-gallery-figcaption-wrap\" style=\" vertical-align:top;\"><\/div><\/FIGCAPTION><\/FIGURE><\/a><a id=\"gg-3-58\" class=\"gg-link hidden-item\" data-attachment-id=\"155\" href=\"http:\/\/spidu.dg-dudensen.de\/wp-content\/uploads\/2020\/04\/sommerfest2017_17-scaled.jpg?gid=3\" target=\"_self\" title=\"sommerfest2017_17\" data-rel=\"prettyPhoto[pp_gal]\" style=\"border-radius:0px;\" ><FIGURE class=\"grid-gallery-caption hidden-item\" data-grid-gallery-type=\"quarter-slide-up\" data-index=\"8\" style=\"display:none;border:6pxsolid#ffffff; border-radius:0px; box-shadow:0px 4px 10px rgba(0, 0, 0, 1.0);; margin:4.15px; height:215px; width:auto;\" ><div class=\"crop\" style=\"\"><img data-gg-real-image-href=\"http:\/\/spidu.dg-dudensen.de\/wp-content\/uploads\/2020\/04\/sommerfest2017_17-scaled-142x215.jpg\" src=\"http:\/\/spidu.dg-dudensen.de\/wp-content\/plugins\/gallery-by-supsystic\/src\/GridGallery\/Galleries\/assets\/img\/loading.gif\" class=\"ggImg ggLazyImg ggNotInitImg\" alt=\"sommerfest2017_17\" title=\"sommerfest2017_17\" data-description=\"sommerfest2017_17\" data-caption=\"sommerfest2017_17\" data-title=\"sommerfest2017_17\" style=\" height:215px; width:auto;\" \/><\/div><FIGCAPTION class=\"\" data-alpha=\"5\" style=\"color:#ffffff; background-color:#6f0000; font-size:14px; text-align:left; font-family:Default;\" ><div class=\"grid-gallery-figcaption-wrap\" style=\" vertical-align:top;\"><\/div><\/FIGCAPTION><\/FIGURE><\/a><a id=\"gg-3-59\" class=\"gg-link hidden-item\" data-attachment-id=\"154\" href=\"http:\/\/spidu.dg-dudensen.de\/wp-content\/uploads\/2020\/04\/sommerfest2017_16-scaled.jpg?gid=3\" target=\"_self\" title=\"sommerfest2017_16\" data-rel=\"prettyPhoto[pp_gal]\" style=\"border-radius:0px;\" ><FIGURE class=\"grid-gallery-caption hidden-item\" data-grid-gallery-type=\"quarter-slide-up\" data-index=\"9\" style=\"display:none;border:6pxsolid#ffffff; border-radius:0px; box-shadow:0px 4px 10px rgba(0, 0, 0, 1.0);; margin:4.15px; height:215px; width:auto;\" ><div class=\"crop\" style=\"\"><img data-gg-real-image-href=\"http:\/\/spidu.dg-dudensen.de\/wp-content\/uploads\/2020\/04\/sommerfest2017_16-scaled-325x215.jpg\" src=\"http:\/\/spidu.dg-dudensen.de\/wp-content\/plugins\/gallery-by-supsystic\/src\/GridGallery\/Galleries\/assets\/img\/loading.gif\" class=\"ggImg ggLazyImg ggNotInitImg\" alt=\"sommerfest2017_16\" title=\"sommerfest2017_16\" data-description=\"sommerfest2017_16\" data-caption=\"sommerfest2017_16\" data-title=\"sommerfest2017_16\" style=\" height:215px; width:auto;\" \/><\/div><FIGCAPTION class=\"\" data-alpha=\"5\" style=\"color:#ffffff; background-color:#6f0000; font-size:14px; text-align:left; font-family:Default;\" ><div class=\"grid-gallery-figcaption-wrap\" style=\" vertical-align:top;\"><\/div><\/FIGCAPTION><\/FIGURE><\/a><a id=\"gg-3-60\" class=\"gg-link hidden-item\" data-attachment-id=\"153\" href=\"http:\/\/spidu.dg-dudensen.de\/wp-content\/uploads\/2020\/04\/sommerfest2017_15-scaled.jpg?gid=3\" target=\"_self\" title=\"sommerfest2017_15\" data-rel=\"prettyPhoto[pp_gal]\" style=\"border-radius:0px;\" ><FIGURE class=\"grid-gallery-caption hidden-item\" data-grid-gallery-type=\"quarter-slide-up\" data-index=\"10\" style=\"display:none;border:6pxsolid#ffffff; border-radius:0px; box-shadow:0px 4px 10px rgba(0, 0, 0, 1.0);; margin:4.15px; height:215px; width:auto;\" ><div class=\"crop\" style=\"\"><img data-gg-real-image-href=\"http:\/\/spidu.dg-dudensen.de\/wp-content\/uploads\/2020\/04\/sommerfest2017_15-scaled-325x215.jpg\" src=\"http:\/\/spidu.dg-dudensen.de\/wp-content\/plugins\/gallery-by-supsystic\/src\/GridGallery\/Galleries\/assets\/img\/loading.gif\" class=\"ggImg ggLazyImg ggNotInitImg\" alt=\"sommerfest2017_15\" title=\"sommerfest2017_15\" data-description=\"sommerfest2017_15\" data-caption=\"sommerfest2017_15\" data-title=\"sommerfest2017_15\" style=\" height:215px; width:auto;\" \/><\/div><FIGCAPTION class=\"\" data-alpha=\"5\" style=\"color:#ffffff; background-color:#6f0000; font-size:14px; text-align:left; font-family:Default;\" ><div class=\"grid-gallery-figcaption-wrap\" style=\" vertical-align:top;\"><\/div><\/FIGCAPTION><\/FIGURE><\/a><a id=\"gg-3-61\" class=\"gg-link hidden-item\" data-attachment-id=\"152\" href=\"http:\/\/spidu.dg-dudensen.de\/wp-content\/uploads\/2020\/04\/sommerfest2017_14-scaled.jpg?gid=3\" target=\"_self\" title=\"sommerfest2017_14\" data-rel=\"prettyPhoto[pp_gal]\" style=\"border-radius:0px;\" ><FIGURE class=\"grid-gallery-caption hidden-item\" data-grid-gallery-type=\"quarter-slide-up\" data-index=\"11\" style=\"display:none;border:6pxsolid#ffffff; border-radius:0px; box-shadow:0px 4px 10px rgba(0, 0, 0, 1.0);; margin:4.15px; height:215px; width:auto;\" ><div class=\"crop\" style=\"\"><img data-gg-real-image-href=\"http:\/\/spidu.dg-dudensen.de\/wp-content\/uploads\/2020\/04\/sommerfest2017_14-scaled-325x215.jpg\" src=\"http:\/\/spidu.dg-dudensen.de\/wp-content\/plugins\/gallery-by-supsystic\/src\/GridGallery\/Galleries\/assets\/img\/loading.gif\" class=\"ggImg ggLazyImg ggNotInitImg\" alt=\"sommerfest2017_14\" title=\"sommerfest2017_14\" data-description=\"sommerfest2017_14\" data-caption=\"sommerfest2017_14\" data-title=\"sommerfest2017_14\" style=\" height:215px; width:auto;\" \/><\/div><FIGCAPTION class=\"\" data-alpha=\"5\" style=\"color:#ffffff; background-color:#6f0000; font-size:14px; text-align:left; font-family:Default;\" ><div class=\"grid-gallery-figcaption-wrap\" style=\" vertical-align:top;\"><\/div><\/FIGCAPTION><\/FIGURE><\/a><a id=\"gg-3-62\" class=\"gg-link hidden-item\" data-attachment-id=\"159\" href=\"http:\/\/spidu.dg-dudensen.de\/wp-content\/uploads\/2020\/04\/sommerfest2017_21-scaled.jpg?gid=3\" target=\"_self\" title=\"sommerfest2017_21\" data-rel=\"prettyPhoto[pp_gal]\" style=\"border-radius:0px;\" ><FIGURE class=\"grid-gallery-caption hidden-item\" data-grid-gallery-type=\"quarter-slide-up\" data-index=\"12\" style=\"display:none;border:6pxsolid#ffffff; border-radius:0px; box-shadow:0px 4px 10px rgba(0, 0, 0, 1.0);; margin:4.15px; height:215px; width:auto;\" ><div class=\"crop\" style=\"\"><img data-gg-real-image-href=\"http:\/\/spidu.dg-dudensen.de\/wp-content\/uploads\/2020\/04\/sommerfest2017_21-scaled-142x215.jpg\" src=\"http:\/\/spidu.dg-dudensen.de\/wp-content\/plugins\/gallery-by-supsystic\/src\/GridGallery\/Galleries\/assets\/img\/loading.gif\" class=\"ggImg ggLazyImg ggNotInitImg\" alt=\"sommerfest2017_21\" title=\"sommerfest2017_21\" data-description=\"sommerfest2017_21\" data-caption=\"sommerfest2017_21\" data-title=\"sommerfest2017_21\" style=\" height:215px; width:auto;\" \/><\/div><FIGCAPTION class=\"\" data-alpha=\"5\" style=\"color:#ffffff; background-color:#6f0000; font-size:14px; text-align:left; font-family:Default;\" ><div class=\"grid-gallery-figcaption-wrap\" style=\" vertical-align:top;\"><\/div><\/FIGCAPTION><\/FIGURE><\/a><a id=\"gg-3-63\" class=\"gg-link hidden-item\" data-attachment-id=\"160\" href=\"http:\/\/spidu.dg-dudensen.de\/wp-content\/uploads\/2020\/04\/sommerfest2017_22-scaled.jpg?gid=3\" target=\"_self\" title=\"sommerfest2017_22\" data-rel=\"prettyPhoto[pp_gal]\" style=\"border-radius:0px;\" ><FIGURE class=\"grid-gallery-caption hidden-item\" data-grid-gallery-type=\"quarter-slide-up\" data-index=\"13\" style=\"display:none;border:6pxsolid#ffffff; border-radius:0px; box-shadow:0px 4px 10px rgba(0, 0, 0, 1.0);; margin:4.15px; height:215px; width:auto;\" ><div class=\"crop\" style=\"\"><img data-gg-real-image-href=\"http:\/\/spidu.dg-dudensen.de\/wp-content\/uploads\/2020\/04\/sommerfest2017_22-scaled-325x215.jpg\" src=\"http:\/\/spidu.dg-dudensen.de\/wp-content\/plugins\/gallery-by-supsystic\/src\/GridGallery\/Galleries\/assets\/img\/loading.gif\" class=\"ggImg ggLazyImg ggNotInitImg\" alt=\"sommerfest2017_22\" title=\"sommerfest2017_22\" data-description=\"sommerfest2017_22\" data-caption=\"sommerfest2017_22\" data-title=\"sommerfest2017_22\" style=\" height:215px; width:auto;\" \/><\/div><FIGCAPTION class=\"\" data-alpha=\"5\" style=\"color:#ffffff; background-color:#6f0000; font-size:14px; text-align:left; font-family:Default;\" ><div class=\"grid-gallery-figcaption-wrap\" style=\" vertical-align:top;\"><\/div><\/FIGCAPTION><\/FIGURE><\/a><a id=\"gg-3-64\" class=\"gg-link hidden-item\" data-attachment-id=\"161\" href=\"http:\/\/spidu.dg-dudensen.de\/wp-content\/uploads\/2020\/04\/sommerfest2017_23-scaled.jpg?gid=3\" target=\"_self\" title=\"sommerfest2017_23\" data-rel=\"prettyPhoto[pp_gal]\" style=\"border-radius:0px;\" ><FIGURE class=\"grid-gallery-caption hidden-item\" data-grid-gallery-type=\"quarter-slide-up\" data-index=\"14\" style=\"display:none;border:6pxsolid#ffffff; border-radius:0px; box-shadow:0px 4px 10px rgba(0, 0, 0, 1.0);; margin:4.15px; height:215px; width:auto;\" ><div class=\"crop\" style=\"\"><img data-gg-real-image-href=\"http:\/\/spidu.dg-dudensen.de\/wp-content\/uploads\/2020\/04\/sommerfest2017_23-scaled-325x215.jpg\" src=\"http:\/\/spidu.dg-dudensen.de\/wp-content\/plugins\/gallery-by-supsystic\/src\/GridGallery\/Galleries\/assets\/img\/loading.gif\" class=\"ggImg ggLazyImg ggNotInitImg\" alt=\"sommerfest2017_23\" title=\"sommerfest2017_23\" data-description=\"sommerfest2017_23\" data-caption=\"sommerfest2017_23\" data-title=\"sommerfest2017_23\" style=\" height:215px; width:auto;\" \/><\/div><FIGCAPTION class=\"\" data-alpha=\"5\" style=\"color:#ffffff; background-color:#6f0000; font-size:14px; text-align:left; font-family:Default;\" ><div class=\"grid-gallery-figcaption-wrap\" style=\" vertical-align:top;\"><\/div><\/FIGCAPTION><\/FIGURE><\/a><a id=\"gg-3-65\" class=\"gg-link hidden-item\" data-attachment-id=\"162\" href=\"http:\/\/spidu.dg-dudensen.de\/wp-content\/uploads\/2020\/04\/sommerfest2017_24-scaled.jpg?gid=3\" target=\"_self\" title=\"sommerfest2017_24\" data-rel=\"prettyPhoto[pp_gal]\" style=\"border-radius:0px;\" ><FIGURE class=\"grid-gallery-caption hidden-item\" data-grid-gallery-type=\"quarter-slide-up\" data-index=\"15\" style=\"display:none;border:6pxsolid#ffffff; border-radius:0px; box-shadow:0px 4px 10px rgba(0, 0, 0, 1.0);; margin:4.15px; height:215px; width:auto;\" ><div class=\"crop\" style=\"\"><img data-gg-real-image-href=\"http:\/\/spidu.dg-dudensen.de\/wp-content\/uploads\/2020\/04\/sommerfest2017_24-scaled-325x215.jpg\" src=\"http:\/\/spidu.dg-dudensen.de\/wp-content\/plugins\/gallery-by-supsystic\/src\/GridGallery\/Galleries\/assets\/img\/loading.gif\" class=\"ggImg ggLazyImg ggNotInitImg\" alt=\"sommerfest2017_24\" title=\"sommerfest2017_24\" data-description=\"sommerfest2017_24\" data-caption=\"sommerfest2017_24\" data-title=\"sommerfest2017_24\" style=\" height:215px; width:auto;\" \/><\/div><FIGCAPTION class=\"\" data-alpha=\"5\" style=\"color:#ffffff; background-color:#6f0000; font-size:14px; text-align:left; font-family:Default;\" ><div class=\"grid-gallery-figcaption-wrap\" style=\" vertical-align:top;\"><\/div><\/FIGCAPTION><\/FIGURE><\/a><a id=\"gg-3-66\" class=\"gg-link hidden-item\" data-attachment-id=\"163\" href=\"http:\/\/spidu.dg-dudensen.de\/wp-content\/uploads\/2020\/04\/sommerfest2017_25-scaled.jpg?gid=3\" target=\"_self\" title=\"sommerfest2017_25\" data-rel=\"prettyPhoto[pp_gal]\" style=\"border-radius:0px;\" ><FIGURE class=\"grid-gallery-caption hidden-item\" data-grid-gallery-type=\"quarter-slide-up\" data-index=\"16\" style=\"display:none;border:6pxsolid#ffffff; border-radius:0px; box-shadow:0px 4px 10px rgba(0, 0, 0, 1.0);; margin:4.15px; height:215px; width:auto;\" ><div class=\"crop\" style=\"\"><img data-gg-real-image-href=\"http:\/\/spidu.dg-dudensen.de\/wp-content\/uploads\/2020\/04\/sommerfest2017_25-scaled-325x215.jpg\" src=\"http:\/\/spidu.dg-dudensen.de\/wp-content\/plugins\/gallery-by-supsystic\/src\/GridGallery\/Galleries\/assets\/img\/loading.gif\" class=\"ggImg ggLazyImg ggNotInitImg\" alt=\"sommerfest2017_25\" title=\"sommerfest2017_25\" data-description=\"sommerfest2017_25\" data-caption=\"sommerfest2017_25\" data-title=\"sommerfest2017_25\" style=\" height:215px; width:auto;\" \/><\/div><FIGCAPTION class=\"\" data-alpha=\"5\" style=\"color:#ffffff; background-color:#6f0000; font-size:14px; text-align:left; font-family:Default;\" ><div class=\"grid-gallery-figcaption-wrap\" style=\" vertical-align:top;\"><\/div><\/FIGCAPTION><\/FIGURE><\/a><a id=\"gg-3-67\" class=\"gg-link hidden-item\" data-attachment-id=\"164\" href=\"http:\/\/spidu.dg-dudensen.de\/wp-content\/uploads\/2020\/04\/sommerfest2017_26-scaled.jpg?gid=3\" target=\"_self\" title=\"sommerfest2017_26\" data-rel=\"prettyPhoto[pp_gal]\" style=\"border-radius:0px;\" ><FIGURE class=\"grid-gallery-caption hidden-item\" data-grid-gallery-type=\"quarter-slide-up\" data-index=\"17\" style=\"display:none;border:6pxsolid#ffffff; border-radius:0px; box-shadow:0px 4px 10px rgba(0, 0, 0, 1.0);; margin:4.15px; height:215px; width:auto;\" ><div class=\"crop\" style=\"\"><img data-gg-real-image-href=\"http:\/\/spidu.dg-dudensen.de\/wp-content\/uploads\/2020\/04\/sommerfest2017_26-scaled-325x215.jpg\" src=\"http:\/\/spidu.dg-dudensen.de\/wp-content\/plugins\/gallery-by-supsystic\/src\/GridGallery\/Galleries\/assets\/img\/loading.gif\" class=\"ggImg ggLazyImg ggNotInitImg\" alt=\"sommerfest2017_26\" title=\"sommerfest2017_26\" data-description=\"sommerfest2017_26\" data-caption=\"sommerfest2017_26\" data-title=\"sommerfest2017_26\" style=\" height:215px; width:auto;\" \/><\/div><FIGCAPTION class=\"\" data-alpha=\"5\" style=\"color:#ffffff; background-color:#6f0000; font-size:14px; text-align:left; font-family:Default;\" ><div class=\"grid-gallery-figcaption-wrap\" style=\" vertical-align:top;\"><\/div><\/FIGCAPTION><\/FIGURE><\/a><a id=\"gg-3-68\" class=\"gg-link hidden-item\" data-attachment-id=\"165\" href=\"http:\/\/spidu.dg-dudensen.de\/wp-content\/uploads\/2020\/04\/sommerfest2017_27-scaled.jpg?gid=3\" target=\"_self\" title=\"sommerfest2017_27\" data-rel=\"prettyPhoto[pp_gal]\" style=\"border-radius:0px;\" ><FIGURE class=\"grid-gallery-caption hidden-item\" data-grid-gallery-type=\"quarter-slide-up\" data-index=\"18\" style=\"display:none;border:6pxsolid#ffffff; border-radius:0px; box-shadow:0px 4px 10px rgba(0, 0, 0, 1.0);; margin:4.15px; height:215px; width:auto;\" ><div class=\"crop\" style=\"\"><img data-gg-real-image-href=\"http:\/\/spidu.dg-dudensen.de\/wp-content\/uploads\/2020\/04\/sommerfest2017_27-scaled-325x215.jpg\" src=\"http:\/\/spidu.dg-dudensen.de\/wp-content\/plugins\/gallery-by-supsystic\/src\/GridGallery\/Galleries\/assets\/img\/loading.gif\" class=\"ggImg ggLazyImg ggNotInitImg\" alt=\"sommerfest2017_27\" title=\"sommerfest2017_27\" data-description=\"sommerfest2017_27\" data-caption=\"sommerfest2017_27\" data-title=\"sommerfest2017_27\" style=\" height:215px; width:auto;\" \/><\/div><FIGCAPTION class=\"\" data-alpha=\"5\" style=\"color:#ffffff; background-color:#6f0000; font-size:14px; text-align:left; font-family:Default;\" ><div class=\"grid-gallery-figcaption-wrap\" style=\" vertical-align:top;\"><\/div><\/FIGCAPTION><\/FIGURE><\/a> <div class=\"grid-gallery-clearfix\"><\/div> <\/div> <div class=\"gallery-sharing-bottom\"><\/div> <div class=\"grid-gallery-clearfix\"><\/div> <\/div> <!-- Gallery by Supsystic plugin1.15.4 -->\n\n\n\n<h2>2016&#8230; Halloween Party<\/h2>\n\n\n\n<div id=\"grid-gallery-4-16193\" data-gg-id=\"4\" data-title=\"Halloween 2016\" data-grid-type=\"2\" data-offset=\"8.3\" data-area-position=\"left\" data-icons=\"false\" data-preloader=\"true\" data-width=\"auto\" data-height=\"215\" data-padding=\"0\" data-quicksand=\"disabled\" data-quicksand-duration=\"none\" data-popup-theme=\"theme_6\" data-popup-type=\"pretty-photo\" data-popup-image-text=\"data-description\" data-popup-widthsize=\"auto\" data-popup-heightsize=\"auto\" data-popup-i18n-words=\"{&quot;close&quot;:&quot;schlie\\u00dfen&quot;,&quot;next&quot;:&quot;n\\u00e4chste&quot;,&quot;previous&quot;:&quot;vorherige&quot;,&quot;start_slideshow&quot;:&quot;Starte Slideshow&quot;,&quot;stop_slideshow&quot;:&quot;Stoppe Slideshow&quot;,&quot;image&quot;:&quot;Bild&quot;,&quot;of&quot;:&quot;von&quot;,&quot;prev&quot;:&quot;vorherige&quot;,&quot;cExpand&quot;:&quot;Erweitere&quot;,&quot;cPrevious&quot;:&quot;Vorheriges&quot;,&quot;cNext&quot;:&quot;N\\u00e4chstes&quot;,&quot;cExpandStr&quot;:&quot;Erweitere Bild&quot;,&quot;cRotate&quot;:&quot;Rotate&quot;,&quot;cDetails&quot;:&quot;Details&quot;}\" data-popup-slideshow=\"false\" data-popup-slideshow-speed=\"2500\" data-popup-hoverstop=\"true\" data-popup-slideshow-auto=\"false\" data-popup-background=\"\" data-popup-transparency=\"30\" data-popup-disable-history=\"\" data-popup-disable-changed-url=\"\" data-popup-border-type=\"solid\" data-popup-border-color=\"\" data-popup-border-width=\"\" data-popup-border-enable=\"\" data-fullscreen=\"false\" data-hide-tooltip=\"false\" data-caption-font-family=\"Default\" data-caption-text-size=\"14px\" data-is-mobile=\"0\" data-caption-mobile=\"false\" data-hide-long-tltp-title=\"0\" data-caption-disabled-on-mobile=\"false\" data-lazyload-enable='1' data-lazyload-effect=\"show\" data-lazyload-effect-duration=\"400\" data-popup-placement-type=\"0\" data-social-sharing=\"{&quot;enabled&quot;:&quot;&quot;,&quot;gallerySharing&quot;:{&quot;enabled&quot;:null,&quot;position&quot;:null},&quot;imageSharing&quot;:{&quot;enabled&quot;:null,&quot;wrapperClass&quot;:&quot; vertical &quot;},&quot;popupSharing&quot;:{&quot;enabled&quot;:null,&quot;wrapperClass&quot;:&quot; vertical &quot;}}\" class=\"grid-gallery grid-gallery-fixed one-photo \" style=\" width:100%; height:auto; float: left;position:relative;\"> <div class=\"gallery-loading\"> <div class=\"blocks\"> <div class=\"block\"><\/div> <div class=\"block\"><\/div> <div class=\"block\"><\/div> <div class=\"block\"><\/div> <\/div> <\/div> <div class=\"gallery-sharing-top\"><\/div> <div id=\"photos-4\" class=\"grid-gallery-photos\"><a id=\"gg-4-83\" class=\"gg-link \" data-attachment-id=\"181\" href=\"http:\/\/spidu.dg-dudensen.de\/wp-content\/uploads\/2020\/04\/halloween2016_24-scaled.jpg?gid=4\" target=\"_self\" title=\"halloween2016_24\" data-rel=\"prettyPhoto[pp_gal]\" style=\"border-radius:0px;\" ><FIGURE class=\"grid-gallery-caption\" data-grid-gallery-type=\"quarter-slide-up\" data-index=\"0\" style=\"display:none;border:6pxsolid#ffffff; border-radius:0px; box-shadow:0px 4px 10px rgba(0, 0, 0, 1.0);; margin:4.15px; height:215px; width:auto;\" ><div class=\"crop\" style=\"\"><img data-gg-real-image-href=\"http:\/\/spidu.dg-dudensen.de\/wp-content\/uploads\/2020\/04\/halloween2016_24-scaled-325x215.jpg\" src=\"http:\/\/spidu.dg-dudensen.de\/wp-content\/plugins\/gallery-by-supsystic\/src\/GridGallery\/Galleries\/assets\/img\/loading.gif\" class=\"ggImg ggLazyImg ggNotInitImg\" alt=\"halloween2016_24\" title=\"halloween2016_24\" data-description=\"halloween2016_24\" data-caption=\"halloween2016_24\" data-title=\"halloween2016_24\" style=\" height:215px; width:auto;\" \/><\/div><FIGCAPTION class=\"\" data-alpha=\"5\" style=\"color:#ffffff; background-color:#6f0000; font-size:14px; text-align:left; font-family:Default;\" ><div class=\"grid-gallery-figcaption-wrap\" style=\" vertical-align:top;\"><\/div><\/FIGCAPTION><\/FIGURE><\/a><a id=\"gg-4-72\" class=\"gg-link hidden-item\" data-attachment-id=\"170\" href=\"http:\/\/spidu.dg-dudensen.de\/wp-content\/uploads\/2020\/04\/halloween2016_12.jpg?gid=4\" target=\"_self\" title=\"halloween2016_12\" data-rel=\"prettyPhoto[pp_gal]\" style=\"border-radius:0px;\" ><FIGURE class=\"grid-gallery-caption hidden-item\" data-grid-gallery-type=\"quarter-slide-up\" data-index=\"1\" style=\"display:none;border:6pxsolid#ffffff; border-radius:0px; box-shadow:0px 4px 10px rgba(0, 0, 0, 1.0);; margin:4.15px; height:215px; width:auto;\" ><div class=\"crop\" style=\"\"><img data-gg-real-image-href=\"http:\/\/spidu.dg-dudensen.de\/wp-content\/uploads\/2020\/04\/halloween2016_12-121x215.jpg\" src=\"http:\/\/spidu.dg-dudensen.de\/wp-content\/plugins\/gallery-by-supsystic\/src\/GridGallery\/Galleries\/assets\/img\/loading.gif\" class=\"ggImg ggLazyImg ggNotInitImg\" alt=\"halloween2016_12\" title=\"halloween2016_12\" data-description=\"halloween2016_12\" data-caption=\"halloween2016_12\" data-title=\"halloween2016_12\" style=\" height:215px; width:auto;\" \/><\/div><FIGCAPTION class=\"\" data-alpha=\"5\" style=\"color:#ffffff; background-color:#6f0000; font-size:14px; text-align:left; font-family:Default;\" ><div class=\"grid-gallery-figcaption-wrap\" style=\" vertical-align:top;\"><\/div><\/FIGCAPTION><\/FIGURE><\/a><a id=\"gg-4-73\" class=\"gg-link hidden-item\" data-attachment-id=\"171\" href=\"http:\/\/spidu.dg-dudensen.de\/wp-content\/uploads\/2020\/04\/halloween2016_13.jpg?gid=4\" target=\"_self\" title=\"halloween2016_13\" data-rel=\"prettyPhoto[pp_gal]\" style=\"border-radius:0px;\" ><FIGURE class=\"grid-gallery-caption hidden-item\" data-grid-gallery-type=\"quarter-slide-up\" data-index=\"2\" style=\"display:none;border:6pxsolid#ffffff; border-radius:0px; box-shadow:0px 4px 10px rgba(0, 0, 0, 1.0);; margin:4.15px; height:215px; width:auto;\" ><div class=\"crop\" style=\"\"><img data-gg-real-image-href=\"http:\/\/spidu.dg-dudensen.de\/wp-content\/uploads\/2020\/04\/halloween2016_13-121x215.jpg\" src=\"http:\/\/spidu.dg-dudensen.de\/wp-content\/plugins\/gallery-by-supsystic\/src\/GridGallery\/Galleries\/assets\/img\/loading.gif\" class=\"ggImg ggLazyImg ggNotInitImg\" alt=\"halloween2016_13\" title=\"halloween2016_13\" data-description=\"halloween2016_13\" data-caption=\"halloween2016_13\" data-title=\"halloween2016_13\" style=\" height:215px; width:auto;\" \/><\/div><FIGCAPTION class=\"\" data-alpha=\"5\" style=\"color:#ffffff; background-color:#6f0000; font-size:14px; text-align:left; font-family:Default;\" ><div class=\"grid-gallery-figcaption-wrap\" style=\" vertical-align:top;\"><\/div><\/FIGCAPTION><\/FIGURE><\/a><a id=\"gg-4-74\" class=\"gg-link hidden-item\" data-attachment-id=\"173\" href=\"http:\/\/spidu.dg-dudensen.de\/wp-content\/uploads\/2020\/04\/halloween2016_15-scaled.jpg?gid=4\" target=\"_self\" title=\"halloween2016_15\" data-rel=\"prettyPhoto[pp_gal]\" style=\"border-radius:0px;\" ><FIGURE class=\"grid-gallery-caption hidden-item\" data-grid-gallery-type=\"quarter-slide-up\" data-index=\"3\" style=\"display:none;border:6pxsolid#ffffff; border-radius:0px; box-shadow:0px 4px 10px rgba(0, 0, 0, 1.0);; margin:4.15px; height:215px; width:auto;\" ><div class=\"crop\" style=\"\"><img data-gg-real-image-href=\"http:\/\/spidu.dg-dudensen.de\/wp-content\/uploads\/2020\/04\/halloween2016_15-scaled-142x215.jpg\" src=\"http:\/\/spidu.dg-dudensen.de\/wp-content\/plugins\/gallery-by-supsystic\/src\/GridGallery\/Galleries\/assets\/img\/loading.gif\" class=\"ggImg ggLazyImg ggNotInitImg\" alt=\"halloween2016_15\" title=\"halloween2016_15\" data-description=\"halloween2016_15\" data-caption=\"halloween2016_15\" data-title=\"halloween2016_15\" style=\" height:215px; width:auto;\" \/><\/div><FIGCAPTION class=\"\" data-alpha=\"5\" style=\"color:#ffffff; background-color:#6f0000; font-size:14px; text-align:left; font-family:Default;\" ><div class=\"grid-gallery-figcaption-wrap\" style=\" vertical-align:top;\"><\/div><\/FIGCAPTION><\/FIGURE><\/a><a id=\"gg-4-75\" class=\"gg-link hidden-item\" data-attachment-id=\"172\" href=\"http:\/\/spidu.dg-dudensen.de\/wp-content\/uploads\/2020\/04\/halloween2016_14.jpg?gid=4\" target=\"_self\" title=\"halloween2016_14\" data-rel=\"prettyPhoto[pp_gal]\" style=\"border-radius:0px;\" ><FIGURE class=\"grid-gallery-caption hidden-item\" data-grid-gallery-type=\"quarter-slide-up\" data-index=\"4\" style=\"display:none;border:6pxsolid#ffffff; border-radius:0px; box-shadow:0px 4px 10px rgba(0, 0, 0, 1.0);; margin:4.15px; height:215px; width:auto;\" ><div class=\"crop\" style=\"\"><img data-gg-real-image-href=\"http:\/\/spidu.dg-dudensen.de\/wp-content\/uploads\/2020\/04\/halloween2016_14-121x215.jpg\" src=\"http:\/\/spidu.dg-dudensen.de\/wp-content\/plugins\/gallery-by-supsystic\/src\/GridGallery\/Galleries\/assets\/img\/loading.gif\" class=\"ggImg ggLazyImg ggNotInitImg\" alt=\"halloween2016_14\" title=\"halloween2016_14\" data-description=\"halloween2016_14\" data-caption=\"halloween2016_14\" data-title=\"halloween2016_14\" style=\" height:215px; width:auto;\" \/><\/div><FIGCAPTION class=\"\" data-alpha=\"5\" style=\"color:#ffffff; background-color:#6f0000; font-size:14px; text-align:left; font-family:Default;\" ><div class=\"grid-gallery-figcaption-wrap\" style=\" vertical-align:top;\"><\/div><\/FIGCAPTION><\/FIGURE><\/a><a id=\"gg-4-76\" class=\"gg-link hidden-item\" data-attachment-id=\"176\" href=\"http:\/\/spidu.dg-dudensen.de\/wp-content\/uploads\/2020\/04\/halloween2016_18-scaled.jpg?gid=4\" target=\"_self\" title=\"halloween2016_18\" data-rel=\"prettyPhoto[pp_gal]\" style=\"border-radius:0px;\" ><FIGURE class=\"grid-gallery-caption hidden-item\" data-grid-gallery-type=\"quarter-slide-up\" data-index=\"5\" style=\"display:none;border:6pxsolid#ffffff; border-radius:0px; box-shadow:0px 4px 10px rgba(0, 0, 0, 1.0);; margin:4.15px; height:215px; width:auto;\" ><div class=\"crop\" style=\"\"><img data-gg-real-image-href=\"http:\/\/spidu.dg-dudensen.de\/wp-content\/uploads\/2020\/04\/halloween2016_18-scaled-325x215.jpg\" src=\"http:\/\/spidu.dg-dudensen.de\/wp-content\/plugins\/gallery-by-supsystic\/src\/GridGallery\/Galleries\/assets\/img\/loading.gif\" class=\"ggImg ggLazyImg ggNotInitImg\" alt=\"halloween2016_18\" title=\"halloween2016_18\" data-description=\"halloween2016_18\" data-caption=\"halloween2016_18\" data-title=\"halloween2016_18\" style=\" height:215px; width:auto;\" \/><\/div><FIGCAPTION class=\"\" data-alpha=\"5\" style=\"color:#ffffff; background-color:#6f0000; font-size:14px; text-align:left; font-family:Default;\" ><div class=\"grid-gallery-figcaption-wrap\" style=\" vertical-align:top;\"><\/div><\/FIGCAPTION><\/FIGURE><\/a><a id=\"gg-4-77\" class=\"gg-link hidden-item\" data-attachment-id=\"182\" href=\"http:\/\/spidu.dg-dudensen.de\/wp-content\/uploads\/2020\/04\/halloween2016_25-scaled.jpg?gid=4\" target=\"_self\" title=\"halloween2016_25\" data-rel=\"prettyPhoto[pp_gal]\" style=\"border-radius:0px;\" ><FIGURE class=\"grid-gallery-caption hidden-item\" data-grid-gallery-type=\"quarter-slide-up\" data-index=\"6\" style=\"display:none;border:6pxsolid#ffffff; border-radius:0px; box-shadow:0px 4px 10px rgba(0, 0, 0, 1.0);; margin:4.15px; height:215px; width:auto;\" ><div class=\"crop\" style=\"\"><img data-gg-real-image-href=\"http:\/\/spidu.dg-dudensen.de\/wp-content\/uploads\/2020\/04\/halloween2016_25-scaled-325x215.jpg\" src=\"http:\/\/spidu.dg-dudensen.de\/wp-content\/plugins\/gallery-by-supsystic\/src\/GridGallery\/Galleries\/assets\/img\/loading.gif\" class=\"ggImg ggLazyImg ggNotInitImg\" alt=\"halloween2016_25\" title=\"halloween2016_25\" data-description=\"halloween2016_25\" data-caption=\"halloween2016_25\" data-title=\"halloween2016_25\" style=\" height:215px; width:auto;\" \/><\/div><FIGCAPTION class=\"\" data-alpha=\"5\" style=\"color:#ffffff; background-color:#6f0000; font-size:14px; text-align:left; font-family:Default;\" ><div class=\"grid-gallery-figcaption-wrap\" style=\" vertical-align:top;\"><\/div><\/FIGCAPTION><\/FIGURE><\/a><a id=\"gg-4-71\" class=\"gg-link hidden-item\" data-attachment-id=\"174\" href=\"http:\/\/spidu.dg-dudensen.de\/wp-content\/uploads\/2020\/04\/halloween2016_16-scaled.jpeg?gid=4\" target=\"_self\" title=\"halloween2016_16\" data-rel=\"prettyPhoto[pp_gal]\" style=\"border-radius:0px;\" ><FIGURE class=\"grid-gallery-caption hidden-item\" data-grid-gallery-type=\"quarter-slide-up\" data-index=\"7\" style=\"display:none;border:6pxsolid#ffffff; border-radius:0px; box-shadow:0px 4px 10px rgba(0, 0, 0, 1.0);; margin:4.15px; height:215px; width:auto;\" ><div class=\"crop\" style=\"\"><img data-gg-real-image-href=\"http:\/\/spidu.dg-dudensen.de\/wp-content\/uploads\/2020\/04\/halloween2016_16-scaled-129x215.jpeg\" src=\"http:\/\/spidu.dg-dudensen.de\/wp-content\/plugins\/gallery-by-supsystic\/src\/GridGallery\/Galleries\/assets\/img\/loading.gif\" class=\"ggImg ggLazyImg ggNotInitImg\" alt=\"halloween2016_16\" title=\"halloween2016_16\" data-description=\"halloween2016_16\" data-caption=\"halloween2016_16\" data-title=\"halloween2016_16\" style=\" height:215px; width:auto;\" \/><\/div><FIGCAPTION class=\"\" data-alpha=\"5\" style=\"color:#ffffff; background-color:#6f0000; font-size:14px; text-align:left; font-family:Default;\" ><div class=\"grid-gallery-figcaption-wrap\" style=\" vertical-align:top;\"><\/div><\/FIGCAPTION><\/FIGURE><\/a><a id=\"gg-4-78\" class=\"gg-link hidden-item\" data-attachment-id=\"180\" href=\"http:\/\/spidu.dg-dudensen.de\/wp-content\/uploads\/2020\/04\/halloween2016_23.jpg?gid=4\" target=\"_self\" title=\"halloween2016_23\" data-rel=\"prettyPhoto[pp_gal]\" style=\"border-radius:0px;\" ><FIGURE class=\"grid-gallery-caption hidden-item\" data-grid-gallery-type=\"quarter-slide-up\" data-index=\"8\" style=\"display:none;border:6pxsolid#ffffff; border-radius:0px; box-shadow:0px 4px 10px rgba(0, 0, 0, 1.0);; margin:4.15px; height:215px; width:auto;\" ><div class=\"crop\" style=\"\"><img data-gg-real-image-href=\"http:\/\/spidu.dg-dudensen.de\/wp-content\/uploads\/2020\/04\/halloween2016_23-382x215.jpg\" src=\"http:\/\/spidu.dg-dudensen.de\/wp-content\/plugins\/gallery-by-supsystic\/src\/GridGallery\/Galleries\/assets\/img\/loading.gif\" class=\"ggImg ggLazyImg ggNotInitImg\" alt=\"halloween2016_23\" title=\"halloween2016_23\" data-description=\"halloween2016_23\" data-caption=\"halloween2016_23\" data-title=\"halloween2016_23\" style=\" height:215px; width:auto;\" \/><\/div><FIGCAPTION class=\"\" data-alpha=\"5\" style=\"color:#ffffff; background-color:#6f0000; font-size:14px; text-align:left; font-family:Default;\" ><div class=\"grid-gallery-figcaption-wrap\" style=\" vertical-align:top;\"><\/div><\/FIGCAPTION><\/FIGURE><\/a><a id=\"gg-4-79\" class=\"gg-link hidden-item\" data-attachment-id=\"179\" href=\"http:\/\/spidu.dg-dudensen.de\/wp-content\/uploads\/2020\/04\/halloween2016_22-scaled.jpg?gid=4\" target=\"_self\" title=\"halloween2016_22\" data-rel=\"prettyPhoto[pp_gal]\" style=\"border-radius:0px;\" ><FIGURE class=\"grid-gallery-caption hidden-item\" data-grid-gallery-type=\"quarter-slide-up\" data-index=\"9\" style=\"display:none;border:6pxsolid#ffffff; border-radius:0px; box-shadow:0px 4px 10px rgba(0, 0, 0, 1.0);; margin:4.15px; height:215px; width:auto;\" ><div class=\"crop\" style=\"\"><img data-gg-real-image-href=\"http:\/\/spidu.dg-dudensen.de\/wp-content\/uploads\/2020\/04\/halloween2016_22-scaled-325x215.jpg\" src=\"http:\/\/spidu.dg-dudensen.de\/wp-content\/plugins\/gallery-by-supsystic\/src\/GridGallery\/Galleries\/assets\/img\/loading.gif\" class=\"ggImg ggLazyImg ggNotInitImg\" alt=\"halloween2016_22\" title=\"halloween2016_22\" data-description=\"halloween2016_22\" data-caption=\"halloween2016_22\" data-title=\"halloween2016_22\" style=\" height:215px; width:auto;\" \/><\/div><FIGCAPTION class=\"\" data-alpha=\"5\" style=\"color:#ffffff; background-color:#6f0000; font-size:14px; text-align:left; font-family:Default;\" ><div class=\"grid-gallery-figcaption-wrap\" style=\" vertical-align:top;\"><\/div><\/FIGCAPTION><\/FIGURE><\/a><a id=\"gg-4-80\" class=\"gg-link hidden-item\" data-attachment-id=\"184\" href=\"http:\/\/spidu.dg-dudensen.de\/wp-content\/uploads\/2020\/04\/halloween2016_27-scaled.jpg?gid=4\" target=\"_self\" title=\"halloween2016_27\" data-rel=\"prettyPhoto[pp_gal]\" style=\"border-radius:0px;\" ><FIGURE class=\"grid-gallery-caption hidden-item\" data-grid-gallery-type=\"quarter-slide-up\" data-index=\"10\" style=\"display:none;border:6pxsolid#ffffff; border-radius:0px; box-shadow:0px 4px 10px rgba(0, 0, 0, 1.0);; margin:4.15px; height:215px; width:auto;\" ><div class=\"crop\" style=\"\"><img data-gg-real-image-href=\"http:\/\/spidu.dg-dudensen.de\/wp-content\/uploads\/2020\/04\/halloween2016_27-scaled-325x215.jpg\" src=\"http:\/\/spidu.dg-dudensen.de\/wp-content\/plugins\/gallery-by-supsystic\/src\/GridGallery\/Galleries\/assets\/img\/loading.gif\" class=\"ggImg ggLazyImg ggNotInitImg\" alt=\"halloween2016_27\" title=\"halloween2016_27\" data-description=\"halloween2016_27\" data-caption=\"halloween2016_27\" data-title=\"halloween2016_27\" style=\" height:215px; width:auto;\" \/><\/div><FIGCAPTION class=\"\" data-alpha=\"5\" style=\"color:#ffffff; background-color:#6f0000; font-size:14px; text-align:left; font-family:Default;\" ><div class=\"grid-gallery-figcaption-wrap\" style=\" vertical-align:top;\"><\/div><\/FIGCAPTION><\/FIGURE><\/a><a id=\"gg-4-81\" class=\"gg-link hidden-item\" data-attachment-id=\"178\" href=\"http:\/\/spidu.dg-dudensen.de\/wp-content\/uploads\/2020\/04\/halloween2016_21-scaled.jpg?gid=4\" target=\"_self\" title=\"halloween2016_21\" data-rel=\"prettyPhoto[pp_gal]\" style=\"border-radius:0px;\" ><FIGURE class=\"grid-gallery-caption hidden-item\" data-grid-gallery-type=\"quarter-slide-up\" data-index=\"11\" style=\"display:none;border:6pxsolid#ffffff; border-radius:0px; box-shadow:0px 4px 10px rgba(0, 0, 0, 1.0);; margin:4.15px; height:215px; width:auto;\" ><div class=\"crop\" style=\"\"><img data-gg-real-image-href=\"http:\/\/spidu.dg-dudensen.de\/wp-content\/uploads\/2020\/04\/halloween2016_21-scaled-325x215.jpg\" src=\"http:\/\/spidu.dg-dudensen.de\/wp-content\/plugins\/gallery-by-supsystic\/src\/GridGallery\/Galleries\/assets\/img\/loading.gif\" class=\"ggImg ggLazyImg ggNotInitImg\" alt=\"halloween2016_21\" title=\"halloween2016_21\" data-description=\"halloween2016_21\" data-caption=\"halloween2016_21\" data-title=\"halloween2016_21\" style=\" height:215px; width:auto;\" \/><\/div><FIGCAPTION class=\"\" data-alpha=\"5\" style=\"color:#ffffff; background-color:#6f0000; font-size:14px; text-align:left; font-family:Default;\" ><div class=\"grid-gallery-figcaption-wrap\" style=\" vertical-align:top;\"><\/div><\/FIGCAPTION><\/FIGURE><\/a><a id=\"gg-4-82\" class=\"gg-link hidden-item\" data-attachment-id=\"177\" href=\"http:\/\/spidu.dg-dudensen.de\/wp-content\/uploads\/2020\/04\/halloween2016_19-scaled.jpg?gid=4\" target=\"_self\" title=\"halloween2016_19\" data-rel=\"prettyPhoto[pp_gal]\" style=\"border-radius:0px;\" ><FIGURE class=\"grid-gallery-caption hidden-item\" data-grid-gallery-type=\"quarter-slide-up\" data-index=\"12\" style=\"display:none;border:6pxsolid#ffffff; border-radius:0px; box-shadow:0px 4px 10px rgba(0, 0, 0, 1.0);; margin:4.15px; height:215px; width:auto;\" ><div class=\"crop\" style=\"\"><img data-gg-real-image-href=\"http:\/\/spidu.dg-dudensen.de\/wp-content\/uploads\/2020\/04\/halloween2016_19-scaled-142x215.jpg\" src=\"http:\/\/spidu.dg-dudensen.de\/wp-content\/plugins\/gallery-by-supsystic\/src\/GridGallery\/Galleries\/assets\/img\/loading.gif\" class=\"ggImg ggLazyImg ggNotInitImg\" alt=\"halloween2016_19\" title=\"halloween2016_19\" data-description=\"halloween2016_19\" data-caption=\"halloween2016_19\" data-title=\"halloween2016_19\" style=\" height:215px; width:auto;\" \/><\/div><FIGCAPTION class=\"\" data-alpha=\"5\" style=\"color:#ffffff; background-color:#6f0000; font-size:14px; text-align:left; font-family:Default;\" ><div class=\"grid-gallery-figcaption-wrap\" style=\" vertical-align:top;\"><\/div><\/FIGCAPTION><\/FIGURE><\/a><a id=\"gg-4-84\" class=\"gg-link hidden-item\" data-attachment-id=\"175\" href=\"http:\/\/spidu.dg-dudensen.de\/wp-content\/uploads\/2020\/04\/halloween2016_17-scaled.jpg?gid=4\" target=\"_self\" title=\"halloween2016_17\" data-rel=\"prettyPhoto[pp_gal]\" style=\"border-radius:0px;\" ><FIGURE class=\"grid-gallery-caption hidden-item\" data-grid-gallery-type=\"quarter-slide-up\" data-index=\"13\" style=\"display:none;border:6pxsolid#ffffff; border-radius:0px; box-shadow:0px 4px 10px rgba(0, 0, 0, 1.0);; margin:4.15px; height:215px; width:auto;\" ><div class=\"crop\" style=\"\"><img data-gg-real-image-href=\"http:\/\/spidu.dg-dudensen.de\/wp-content\/uploads\/2020\/04\/halloween2016_17-scaled-325x215.jpg\" src=\"http:\/\/spidu.dg-dudensen.de\/wp-content\/plugins\/gallery-by-supsystic\/src\/GridGallery\/Galleries\/assets\/img\/loading.gif\" class=\"ggImg ggLazyImg ggNotInitImg\" alt=\"halloween2016_17\" title=\"halloween2016_17\" data-description=\"halloween2016_17\" data-caption=\"halloween2016_17\" data-title=\"halloween2016_17\" style=\" height:215px; width:auto;\" \/><\/div><FIGCAPTION class=\"\" data-alpha=\"5\" style=\"color:#ffffff; background-color:#6f0000; font-size:14px; text-align:left; font-family:Default;\" ><div class=\"grid-gallery-figcaption-wrap\" style=\" vertical-align:top;\"><\/div><\/FIGCAPTION><\/FIGURE><\/a><a id=\"gg-4-70\" class=\"gg-link hidden-item\" data-attachment-id=\"169\" href=\"http:\/\/spidu.dg-dudensen.de\/wp-content\/uploads\/2020\/04\/halloween2016_11-scaled.jpg?gid=4\" target=\"_self\" title=\"halloween2016_11\" data-rel=\"prettyPhoto[pp_gal]\" style=\"border-radius:0px;\" ><FIGURE class=\"grid-gallery-caption hidden-item\" data-grid-gallery-type=\"quarter-slide-up\" data-index=\"14\" style=\"display:none;border:6pxsolid#ffffff; border-radius:0px; box-shadow:0px 4px 10px rgba(0, 0, 0, 1.0);; margin:4.15px; height:215px; width:auto;\" ><div class=\"crop\" style=\"\"><img data-gg-real-image-href=\"http:\/\/spidu.dg-dudensen.de\/wp-content\/uploads\/2020\/04\/halloween2016_11-scaled-381x215.jpg\" src=\"http:\/\/spidu.dg-dudensen.de\/wp-content\/plugins\/gallery-by-supsystic\/src\/GridGallery\/Galleries\/assets\/img\/loading.gif\" class=\"ggImg ggLazyImg ggNotInitImg\" alt=\"halloween2016_11\" title=\"halloween2016_11\" data-description=\"halloween2016_11\" data-caption=\"halloween2016_11\" data-title=\"halloween2016_11\" style=\" height:215px; width:auto;\" \/><\/div><FIGCAPTION class=\"\" data-alpha=\"5\" style=\"color:#ffffff; background-color:#6f0000; font-size:14px; text-align:left; font-family:Default;\" ><div class=\"grid-gallery-figcaption-wrap\" style=\" vertical-align:top;\"><\/div><\/FIGCAPTION><\/FIGURE><\/a><a id=\"gg-4-86\" class=\"gg-link hidden-item\" data-attachment-id=\"185\" href=\"http:\/\/spidu.dg-dudensen.de\/wp-content\/uploads\/2020\/04\/halloween2016_28-scaled.jpg?gid=4\" target=\"_self\" title=\"halloween2016_28\" data-rel=\"prettyPhoto[pp_gal]\" style=\"border-radius:0px;\" ><FIGURE class=\"grid-gallery-caption hidden-item\" data-grid-gallery-type=\"quarter-slide-up\" data-index=\"15\" style=\"display:none;border:6pxsolid#ffffff; border-radius:0px; box-shadow:0px 4px 10px rgba(0, 0, 0, 1.0);; margin:4.15px; height:215px; width:auto;\" ><div class=\"crop\" style=\"\"><img data-gg-real-image-href=\"http:\/\/spidu.dg-dudensen.de\/wp-content\/uploads\/2020\/04\/halloween2016_28-scaled-325x215.jpg\" src=\"http:\/\/spidu.dg-dudensen.de\/wp-content\/plugins\/gallery-by-supsystic\/src\/GridGallery\/Galleries\/assets\/img\/loading.gif\" class=\"ggImg ggLazyImg ggNotInitImg\" alt=\"halloween2016_28\" title=\"halloween2016_28\" data-description=\"halloween2016_28\" data-caption=\"halloween2016_28\" data-title=\"halloween2016_28\" style=\" height:215px; width:auto;\" \/><\/div><FIGCAPTION class=\"\" data-alpha=\"5\" style=\"color:#ffffff; background-color:#6f0000; font-size:14px; text-align:left; font-family:Default;\" ><div class=\"grid-gallery-figcaption-wrap\" style=\" vertical-align:top;\"><\/div><\/FIGCAPTION><\/FIGURE><\/a> <div class=\"grid-gallery-clearfix\"><\/div> <\/div> <div class=\"gallery-sharing-bottom\"><\/div> <div class=\"grid-gallery-clearfix\"><\/div> <\/div> <!-- Gallery by Supsystic plugin1.15.4 -->\n\n\n\n<h2>2013 &#8211; 15&#8230; Faschingspartys<\/h2>\n\n\n\n<div id=\"grid-gallery-5-7157\" data-gg-id=\"5\" data-title=\"Faschingspartys\" data-grid-type=\"2\" data-offset=\"8.3\" data-area-position=\"left\" data-icons=\"false\" data-preloader=\"true\" data-width=\"auto\" data-height=\"215\" data-padding=\"0\" data-quicksand=\"disabled\" data-quicksand-duration=\"none\" data-popup-theme=\"theme_6\" data-popup-type=\"pretty-photo\" data-popup-image-text=\"data-description\" data-popup-widthsize=\"auto\" data-popup-heightsize=\"auto\" data-popup-i18n-words=\"{&quot;close&quot;:&quot;schlie\\u00dfen&quot;,&quot;next&quot;:&quot;n\\u00e4chste&quot;,&quot;previous&quot;:&quot;vorherige&quot;,&quot;start_slideshow&quot;:&quot;Starte Slideshow&quot;,&quot;stop_slideshow&quot;:&quot;Stoppe Slideshow&quot;,&quot;image&quot;:&quot;Bild&quot;,&quot;of&quot;:&quot;von&quot;,&quot;prev&quot;:&quot;vorherige&quot;,&quot;cExpand&quot;:&quot;Erweitere&quot;,&quot;cPrevious&quot;:&quot;Vorheriges&quot;,&quot;cNext&quot;:&quot;N\\u00e4chstes&quot;,&quot;cExpandStr&quot;:&quot;Erweitere Bild&quot;,&quot;cRotate&quot;:&quot;Rotate&quot;,&quot;cDetails&quot;:&quot;Details&quot;}\" data-popup-slideshow=\"false\" data-popup-slideshow-speed=\"2500\" data-popup-hoverstop=\"true\" data-popup-slideshow-auto=\"false\" data-popup-background=\"\" data-popup-transparency=\"30\" data-popup-disable-history=\"\" data-popup-disable-changed-url=\"\" data-popup-border-type=\"solid\" data-popup-border-color=\"\" data-popup-border-width=\"\" data-popup-border-enable=\"\" data-fullscreen=\"false\" data-hide-tooltip=\"false\" data-caption-font-family=\"Default\" data-caption-text-size=\"14px\" data-is-mobile=\"0\" data-caption-mobile=\"false\" data-hide-long-tltp-title=\"0\" data-caption-disabled-on-mobile=\"false\" data-lazyload-enable='1' data-lazyload-effect=\"show\" data-lazyload-effect-duration=\"400\" data-popup-placement-type=\"0\" data-social-sharing=\"{&quot;enabled&quot;:&quot;&quot;,&quot;gallerySharing&quot;:{&quot;enabled&quot;:null,&quot;position&quot;:null},&quot;imageSharing&quot;:{&quot;enabled&quot;:null,&quot;wrapperClass&quot;:&quot; vertical &quot;},&quot;popupSharing&quot;:{&quot;enabled&quot;:null,&quot;wrapperClass&quot;:&quot; vertical &quot;}}\" class=\"grid-gallery grid-gallery-fixed one-photo \" style=\" width:100%; height:auto; float: left;position:relative;\"> <div class=\"gallery-loading\"> <div class=\"blocks\"> <div class=\"block\"><\/div> <div class=\"block\"><\/div> <div class=\"block\"><\/div> <div class=\"block\"><\/div> <\/div> <\/div> <div class=\"gallery-sharing-top\"><\/div> <div id=\"photos-5\" class=\"grid-gallery-photos\"><a id=\"gg-5-87\" class=\"gg-link \" data-attachment-id=\"197\" href=\"http:\/\/spidu.dg-dudensen.de\/wp-content\/uploads\/2020\/04\/fasching-2014_11-scaled.jpg?gid=5\" target=\"_self\" title=\"fasching-2014_11\" data-rel=\"prettyPhoto[pp_gal]\" style=\"border-radius:0px;\" ><FIGURE class=\"grid-gallery-caption\" data-grid-gallery-type=\"quarter-slide-up\" data-index=\"0\" style=\"display:none;border:6pxsolid#ffffff; border-radius:0px; box-shadow:0px 4px 10px rgba(0, 0, 0, 1.0);; margin:4.15px; height:215px; width:auto;\" ><div class=\"crop\" style=\"\"><img data-gg-real-image-href=\"http:\/\/spidu.dg-dudensen.de\/wp-content\/uploads\/2020\/04\/fasching-2014_11-scaled-287x215.jpg\" src=\"http:\/\/spidu.dg-dudensen.de\/wp-content\/plugins\/gallery-by-supsystic\/src\/GridGallery\/Galleries\/assets\/img\/loading.gif\" class=\"ggImg ggLazyImg ggNotInitImg\" alt=\"fasching-2014_11\" title=\"fasching-2014_11\" data-description=\"fasching-2014_11\" data-caption=\"fasching-2014_11\" data-title=\"fasching-2014_11\" style=\" height:215px; width:auto;\" \/><\/div><FIGCAPTION class=\"\" data-alpha=\"5\" style=\"color:#ffffff; background-color:#6f0000; font-size:14px; text-align:left; font-family:Default;\" ><div class=\"grid-gallery-figcaption-wrap\" style=\" vertical-align:top;\"><\/div><\/FIGCAPTION><\/FIGURE><\/a><a id=\"gg-5-88\" class=\"gg-link hidden-item\" data-attachment-id=\"188\" href=\"http:\/\/spidu.dg-dudensen.de\/wp-content\/uploads\/2020\/04\/fasching-2013_03-scaled.jpg?gid=5\" target=\"_self\" title=\"fasching-2013_03\" data-rel=\"prettyPhoto[pp_gal]\" style=\"border-radius:0px;\" ><FIGURE class=\"grid-gallery-caption hidden-item\" data-grid-gallery-type=\"quarter-slide-up\" data-index=\"1\" style=\"display:none;border:6pxsolid#ffffff; border-radius:0px; box-shadow:0px 4px 10px rgba(0, 0, 0, 1.0);; margin:4.15px; height:215px; width:auto;\" ><div class=\"crop\" style=\"\"><img data-gg-real-image-href=\"http:\/\/spidu.dg-dudensen.de\/wp-content\/uploads\/2020\/04\/fasching-2013_03-scaled-287x215.jpg\" src=\"http:\/\/spidu.dg-dudensen.de\/wp-content\/plugins\/gallery-by-supsystic\/src\/GridGallery\/Galleries\/assets\/img\/loading.gif\" class=\"ggImg ggLazyImg ggNotInitImg\" alt=\"fasching-2013_03\" title=\"fasching-2013_03\" data-description=\"fasching-2013_03\" data-caption=\"fasching-2013_03\" data-title=\"fasching-2013_03\" style=\" height:215px; width:auto;\" \/><\/div><FIGCAPTION class=\"\" data-alpha=\"5\" style=\"color:#ffffff; background-color:#6f0000; font-size:14px; text-align:left; font-family:Default;\" ><div class=\"grid-gallery-figcaption-wrap\" style=\" vertical-align:top;\"><\/div><\/FIGCAPTION><\/FIGURE><\/a><a id=\"gg-5-89\" class=\"gg-link hidden-item\" data-attachment-id=\"196\" href=\"http:\/\/spidu.dg-dudensen.de\/wp-content\/uploads\/2020\/04\/fasching-2013_11-scaled.jpg?gid=5\" target=\"_self\" title=\"fasching-2013_11\" data-rel=\"prettyPhoto[pp_gal]\" style=\"border-radius:0px;\" ><FIGURE class=\"grid-gallery-caption hidden-item\" data-grid-gallery-type=\"quarter-slide-up\" data-index=\"2\" style=\"display:none;border:6pxsolid#ffffff; border-radius:0px; box-shadow:0px 4px 10px rgba(0, 0, 0, 1.0);; margin:4.15px; height:215px; width:auto;\" ><div class=\"crop\" style=\"\"><img data-gg-real-image-href=\"http:\/\/spidu.dg-dudensen.de\/wp-content\/uploads\/2020\/04\/fasching-2013_11-scaled-161x215.jpg\" src=\"http:\/\/spidu.dg-dudensen.de\/wp-content\/plugins\/gallery-by-supsystic\/src\/GridGallery\/Galleries\/assets\/img\/loading.gif\" class=\"ggImg ggLazyImg ggNotInitImg\" alt=\"fasching-2013_11\" title=\"fasching-2013_11\" data-description=\"fasching-2013_11\" data-caption=\"fasching-2013_11\" data-title=\"fasching-2013_11\" style=\" height:215px; width:auto;\" \/><\/div><FIGCAPTION class=\"\" data-alpha=\"5\" style=\"color:#ffffff; background-color:#6f0000; font-size:14px; text-align:left; font-family:Default;\" ><div class=\"grid-gallery-figcaption-wrap\" style=\" vertical-align:top;\"><\/div><\/FIGCAPTION><\/FIGURE><\/a><a id=\"gg-5-90\" class=\"gg-link hidden-item\" data-attachment-id=\"198\" href=\"http:\/\/spidu.dg-dudensen.de\/wp-content\/uploads\/2020\/04\/fasching-2014_12-scaled.jpg?gid=5\" target=\"_self\" title=\"fasching-2014_12\" data-rel=\"prettyPhoto[pp_gal]\" style=\"border-radius:0px;\" ><FIGURE class=\"grid-gallery-caption hidden-item\" data-grid-gallery-type=\"quarter-slide-up\" data-index=\"3\" style=\"display:none;border:6pxsolid#ffffff; border-radius:0px; box-shadow:0px 4px 10px rgba(0, 0, 0, 1.0);; margin:4.15px; height:215px; width:auto;\" ><div class=\"crop\" style=\"\"><img data-gg-real-image-href=\"http:\/\/spidu.dg-dudensen.de\/wp-content\/uploads\/2020\/04\/fasching-2014_12-scaled-287x215.jpg\" src=\"http:\/\/spidu.dg-dudensen.de\/wp-content\/plugins\/gallery-by-supsystic\/src\/GridGallery\/Galleries\/assets\/img\/loading.gif\" class=\"ggImg ggLazyImg ggNotInitImg\" alt=\"fasching-2014_12\" title=\"fasching-2014_12\" data-description=\"fasching-2014_12\" data-caption=\"fasching-2014_12\" data-title=\"fasching-2014_12\" style=\" height:215px; width:auto;\" \/><\/div><FIGCAPTION class=\"\" data-alpha=\"5\" style=\"color:#ffffff; background-color:#6f0000; font-size:14px; text-align:left; font-family:Default;\" ><div class=\"grid-gallery-figcaption-wrap\" style=\" vertical-align:top;\"><\/div><\/FIGCAPTION><\/FIGURE><\/a><a id=\"gg-5-91\" class=\"gg-link hidden-item\" data-attachment-id=\"194\" href=\"http:\/\/spidu.dg-dudensen.de\/wp-content\/uploads\/2020\/04\/fasching-2013_09-scaled.jpg?gid=5\" target=\"_self\" title=\"fasching-2013_09\" data-rel=\"prettyPhoto[pp_gal]\" style=\"border-radius:0px;\" ><FIGURE class=\"grid-gallery-caption hidden-item\" data-grid-gallery-type=\"quarter-slide-up\" data-index=\"4\" style=\"display:none;border:6pxsolid#ffffff; border-radius:0px; box-shadow:0px 4px 10px rgba(0, 0, 0, 1.0);; margin:4.15px; height:215px; width:auto;\" ><div class=\"crop\" style=\"\"><img data-gg-real-image-href=\"http:\/\/spidu.dg-dudensen.de\/wp-content\/uploads\/2020\/04\/fasching-2013_09-scaled-161x215.jpg\" src=\"http:\/\/spidu.dg-dudensen.de\/wp-content\/plugins\/gallery-by-supsystic\/src\/GridGallery\/Galleries\/assets\/img\/loading.gif\" class=\"ggImg ggLazyImg ggNotInitImg\" alt=\"fasching-2013_09\" title=\"fasching-2013_09\" data-description=\"fasching-2013_09\" data-caption=\"fasching-2013_09\" data-title=\"fasching-2013_09\" style=\" height:215px; width:auto;\" \/><\/div><FIGCAPTION class=\"\" data-alpha=\"5\" style=\"color:#ffffff; background-color:#6f0000; font-size:14px; text-align:left; font-family:Default;\" ><div class=\"grid-gallery-figcaption-wrap\" style=\" vertical-align:top;\"><\/div><\/FIGCAPTION><\/FIGURE><\/a><a id=\"gg-5-92\" class=\"gg-link hidden-item\" data-attachment-id=\"189\" href=\"http:\/\/spidu.dg-dudensen.de\/wp-content\/uploads\/2020\/04\/fasching-2013_04-scaled.jpg?gid=5\" target=\"_self\" title=\"fasching-2013_04\" data-rel=\"prettyPhoto[pp_gal]\" style=\"border-radius:0px;\" ><FIGURE class=\"grid-gallery-caption hidden-item\" data-grid-gallery-type=\"quarter-slide-up\" data-index=\"5\" style=\"display:none;border:6pxsolid#ffffff; border-radius:0px; box-shadow:0px 4px 10px rgba(0, 0, 0, 1.0);; margin:4.15px; height:215px; width:auto;\" ><div class=\"crop\" style=\"\"><img data-gg-real-image-href=\"http:\/\/spidu.dg-dudensen.de\/wp-content\/uploads\/2020\/04\/fasching-2013_04-scaled-287x215.jpg\" src=\"http:\/\/spidu.dg-dudensen.de\/wp-content\/plugins\/gallery-by-supsystic\/src\/GridGallery\/Galleries\/assets\/img\/loading.gif\" class=\"ggImg ggLazyImg ggNotInitImg\" alt=\"fasching-2013_04\" title=\"fasching-2013_04\" data-description=\"fasching-2013_04\" data-caption=\"fasching-2013_04\" data-title=\"fasching-2013_04\" style=\" height:215px; width:auto;\" \/><\/div><FIGCAPTION class=\"\" data-alpha=\"5\" style=\"color:#ffffff; background-color:#6f0000; font-size:14px; text-align:left; font-family:Default;\" ><div class=\"grid-gallery-figcaption-wrap\" style=\" vertical-align:top;\"><\/div><\/FIGCAPTION><\/FIGURE><\/a><a id=\"gg-5-93\" class=\"gg-link hidden-item\" data-attachment-id=\"190\" href=\"http:\/\/spidu.dg-dudensen.de\/wp-content\/uploads\/2020\/04\/fasching-2013_05-scaled.jpg?gid=5\" target=\"_self\" title=\"fasching-2013_05\" data-rel=\"prettyPhoto[pp_gal]\" style=\"border-radius:0px;\" ><FIGURE class=\"grid-gallery-caption hidden-item\" data-grid-gallery-type=\"quarter-slide-up\" data-index=\"6\" style=\"display:none;border:6pxsolid#ffffff; border-radius:0px; box-shadow:0px 4px 10px rgba(0, 0, 0, 1.0);; margin:4.15px; height:215px; width:auto;\" ><div class=\"crop\" style=\"\"><img data-gg-real-image-href=\"http:\/\/spidu.dg-dudensen.de\/wp-content\/uploads\/2020\/04\/fasching-2013_05-scaled-161x215.jpg\" src=\"http:\/\/spidu.dg-dudensen.de\/wp-content\/plugins\/gallery-by-supsystic\/src\/GridGallery\/Galleries\/assets\/img\/loading.gif\" class=\"ggImg ggLazyImg ggNotInitImg\" alt=\"fasching-2013_05\" title=\"fasching-2013_05\" data-description=\"fasching-2013_05\" data-caption=\"fasching-2013_05\" data-title=\"fasching-2013_05\" style=\" height:215px; width:auto;\" \/><\/div><FIGCAPTION class=\"\" data-alpha=\"5\" style=\"color:#ffffff; background-color:#6f0000; font-size:14px; text-align:left; font-family:Default;\" ><div class=\"grid-gallery-figcaption-wrap\" style=\" vertical-align:top;\"><\/div><\/FIGCAPTION><\/FIGURE><\/a><a id=\"gg-5-94\" class=\"gg-link hidden-item\" data-attachment-id=\"193\" href=\"http:\/\/spidu.dg-dudensen.de\/wp-content\/uploads\/2020\/04\/fasching-2013_08-scaled.jpg?gid=5\" target=\"_self\" title=\"fasching-2013_08\" data-rel=\"prettyPhoto[pp_gal]\" style=\"border-radius:0px;\" ><FIGURE class=\"grid-gallery-caption hidden-item\" data-grid-gallery-type=\"quarter-slide-up\" data-index=\"7\" style=\"display:none;border:6pxsolid#ffffff; border-radius:0px; box-shadow:0px 4px 10px rgba(0, 0, 0, 1.0);; margin:4.15px; height:215px; width:auto;\" ><div class=\"crop\" style=\"\"><img data-gg-real-image-href=\"http:\/\/spidu.dg-dudensen.de\/wp-content\/uploads\/2020\/04\/fasching-2013_08-scaled-161x215.jpg\" src=\"http:\/\/spidu.dg-dudensen.de\/wp-content\/plugins\/gallery-by-supsystic\/src\/GridGallery\/Galleries\/assets\/img\/loading.gif\" class=\"ggImg ggLazyImg ggNotInitImg\" alt=\"fasching-2013_08\" title=\"fasching-2013_08\" data-description=\"fasching-2013_08\" data-caption=\"fasching-2013_08\" data-title=\"fasching-2013_08\" style=\" height:215px; width:auto;\" \/><\/div><FIGCAPTION class=\"\" data-alpha=\"5\" style=\"color:#ffffff; background-color:#6f0000; font-size:14px; text-align:left; font-family:Default;\" ><div class=\"grid-gallery-figcaption-wrap\" style=\" vertical-align:top;\"><\/div><\/FIGCAPTION><\/FIGURE><\/a><a id=\"gg-5-95\" class=\"gg-link hidden-item\" data-attachment-id=\"199\" href=\"http:\/\/spidu.dg-dudensen.de\/wp-content\/uploads\/2020\/04\/fasching-2014_13-scaled.jpg?gid=5\" target=\"_self\" title=\"fasching-2014_13\" data-rel=\"prettyPhoto[pp_gal]\" style=\"border-radius:0px;\" ><FIGURE class=\"grid-gallery-caption hidden-item\" data-grid-gallery-type=\"quarter-slide-up\" data-index=\"8\" style=\"display:none;border:6pxsolid#ffffff; border-radius:0px; box-shadow:0px 4px 10px rgba(0, 0, 0, 1.0);; margin:4.15px; height:215px; width:auto;\" ><div class=\"crop\" style=\"\"><img data-gg-real-image-href=\"http:\/\/spidu.dg-dudensen.de\/wp-content\/uploads\/2020\/04\/fasching-2014_13-scaled-287x215.jpg\" src=\"http:\/\/spidu.dg-dudensen.de\/wp-content\/plugins\/gallery-by-supsystic\/src\/GridGallery\/Galleries\/assets\/img\/loading.gif\" class=\"ggImg ggLazyImg ggNotInitImg\" alt=\"fasching-2014_13\" title=\"fasching-2014_13\" data-description=\"fasching-2014_13\" data-caption=\"fasching-2014_13\" data-title=\"fasching-2014_13\" style=\" height:215px; width:auto;\" \/><\/div><FIGCAPTION class=\"\" data-alpha=\"5\" style=\"color:#ffffff; background-color:#6f0000; font-size:14px; text-align:left; font-family:Default;\" ><div class=\"grid-gallery-figcaption-wrap\" style=\" vertical-align:top;\"><\/div><\/FIGCAPTION><\/FIGURE><\/a><a id=\"gg-5-96\" class=\"gg-link hidden-item\" data-attachment-id=\"191\" href=\"http:\/\/spidu.dg-dudensen.de\/wp-content\/uploads\/2020\/04\/fasching-2013_06-scaled.jpg?gid=5\" target=\"_self\" title=\"fasching-2013_06\" data-rel=\"prettyPhoto[pp_gal]\" style=\"border-radius:0px;\" ><FIGURE class=\"grid-gallery-caption hidden-item\" data-grid-gallery-type=\"quarter-slide-up\" data-index=\"9\" style=\"display:none;border:6pxsolid#ffffff; border-radius:0px; box-shadow:0px 4px 10px rgba(0, 0, 0, 1.0);; margin:4.15px; height:215px; width:auto;\" ><div class=\"crop\" style=\"\"><img data-gg-real-image-href=\"http:\/\/spidu.dg-dudensen.de\/wp-content\/uploads\/2020\/04\/fasching-2013_06-scaled-161x215.jpg\" src=\"http:\/\/spidu.dg-dudensen.de\/wp-content\/plugins\/gallery-by-supsystic\/src\/GridGallery\/Galleries\/assets\/img\/loading.gif\" class=\"ggImg ggLazyImg ggNotInitImg\" alt=\"fasching-2013_06\" title=\"fasching-2013_06\" data-description=\"fasching-2013_06\" data-caption=\"fasching-2013_06\" data-title=\"fasching-2013_06\" style=\" height:215px; width:auto;\" \/><\/div><FIGCAPTION class=\"\" data-alpha=\"5\" style=\"color:#ffffff; background-color:#6f0000; font-size:14px; text-align:left; font-family:Default;\" ><div class=\"grid-gallery-figcaption-wrap\" style=\" vertical-align:top;\"><\/div><\/FIGCAPTION><\/FIGURE><\/a><a id=\"gg-5-97\" class=\"gg-link hidden-item\" data-attachment-id=\"195\" href=\"http:\/\/spidu.dg-dudensen.de\/wp-content\/uploads\/2020\/04\/fasching-2013_10-scaled.jpg?gid=5\" target=\"_self\" title=\"fasching-2013_10\" data-rel=\"prettyPhoto[pp_gal]\" style=\"border-radius:0px;\" ><FIGURE class=\"grid-gallery-caption hidden-item\" data-grid-gallery-type=\"quarter-slide-up\" data-index=\"10\" style=\"display:none;border:6pxsolid#ffffff; border-radius:0px; box-shadow:0px 4px 10px rgba(0, 0, 0, 1.0);; margin:4.15px; height:215px; width:auto;\" ><div class=\"crop\" style=\"\"><img data-gg-real-image-href=\"http:\/\/spidu.dg-dudensen.de\/wp-content\/uploads\/2020\/04\/fasching-2013_10-scaled-161x215.jpg\" src=\"http:\/\/spidu.dg-dudensen.de\/wp-content\/plugins\/gallery-by-supsystic\/src\/GridGallery\/Galleries\/assets\/img\/loading.gif\" class=\"ggImg ggLazyImg ggNotInitImg\" alt=\"fasching-2013_10\" title=\"fasching-2013_10\" data-description=\"fasching-2013_10\" data-caption=\"fasching-2013_10\" data-title=\"fasching-2013_10\" style=\" height:215px; width:auto;\" \/><\/div><FIGCAPTION class=\"\" data-alpha=\"5\" style=\"color:#ffffff; background-color:#6f0000; font-size:14px; text-align:left; font-family:Default;\" ><div class=\"grid-gallery-figcaption-wrap\" style=\" vertical-align:top;\"><\/div><\/FIGCAPTION><\/FIGURE><\/a><a id=\"gg-5-98\" class=\"gg-link hidden-item\" data-attachment-id=\"192\" href=\"http:\/\/spidu.dg-dudensen.de\/wp-content\/uploads\/2020\/04\/fasching-2013_07-scaled.jpg?gid=5\" target=\"_self\" title=\"fasching-2013_07\" data-rel=\"prettyPhoto[pp_gal]\" style=\"border-radius:0px;\" ><FIGURE class=\"grid-gallery-caption hidden-item\" data-grid-gallery-type=\"quarter-slide-up\" data-index=\"11\" style=\"display:none;border:6pxsolid#ffffff; border-radius:0px; box-shadow:0px 4px 10px rgba(0, 0, 0, 1.0);; margin:4.15px; height:215px; width:auto;\" ><div class=\"crop\" style=\"\"><img data-gg-real-image-href=\"http:\/\/spidu.dg-dudensen.de\/wp-content\/uploads\/2020\/04\/fasching-2013_07-scaled-287x215.jpg\" src=\"http:\/\/spidu.dg-dudensen.de\/wp-content\/plugins\/gallery-by-supsystic\/src\/GridGallery\/Galleries\/assets\/img\/loading.gif\" class=\"ggImg ggLazyImg ggNotInitImg\" alt=\"fasching-2013_07\" title=\"fasching-2013_07\" data-description=\"fasching-2013_07\" data-caption=\"fasching-2013_07\" data-title=\"fasching-2013_07\" style=\" height:215px; width:auto;\" \/><\/div><FIGCAPTION class=\"\" data-alpha=\"5\" style=\"color:#ffffff; background-color:#6f0000; font-size:14px; text-align:left; font-family:Default;\" ><div class=\"grid-gallery-figcaption-wrap\" style=\" vertical-align:top;\"><\/div><\/FIGCAPTION><\/FIGURE><\/a> <div class=\"grid-gallery-clearfix\"><\/div> <\/div> <div class=\"gallery-sharing-bottom\"><\/div> <div class=\"grid-gallery-clearfix\"><\/div> <\/div> <!-- Gallery by Supsystic plugin1.15.4 -->\n\n\n\n<h2>2013&#8230; Feierliche Er\u00f6ffnung<\/h2>\n\n\n\n<div id=\"grid-gallery-2-24523\" data-gg-id=\"2\" data-title=\"Feierliche Er\u00f6ffnung des Mehrgenerationenplatzes\" data-grid-type=\"2\" data-offset=\"8.3\" data-area-position=\"left\" data-icons=\"false\" data-preloader=\"true\" data-width=\"auto\" data-height=\"215\" data-padding=\"0\" data-quicksand=\"disabled\" data-quicksand-duration=\"none\" data-popup-theme=\"theme_6\" data-popup-type=\"pretty-photo\" data-popup-image-text=\"data-description\" data-popup-widthsize=\"auto\" data-popup-heightsize=\"auto\" data-popup-i18n-words=\"{&quot;close&quot;:&quot;schlie\\u00dfen&quot;,&quot;next&quot;:&quot;n\\u00e4chste&quot;,&quot;previous&quot;:&quot;vorherige&quot;,&quot;start_slideshow&quot;:&quot;Starte Slideshow&quot;,&quot;stop_slideshow&quot;:&quot;Stoppe Slideshow&quot;,&quot;image&quot;:&quot;Bild&quot;,&quot;of&quot;:&quot;von&quot;,&quot;prev&quot;:&quot;vorherige&quot;,&quot;cExpand&quot;:&quot;Erweitere&quot;,&quot;cPrevious&quot;:&quot;Vorheriges&quot;,&quot;cNext&quot;:&quot;N\\u00e4chstes&quot;,&quot;cExpandStr&quot;:&quot;Erweitere Bild&quot;,&quot;cRotate&quot;:&quot;Rotate&quot;,&quot;cDetails&quot;:&quot;Details&quot;}\" data-popup-slideshow=\"false\" data-popup-slideshow-speed=\"2500\" data-popup-hoverstop=\"true\" data-popup-slideshow-auto=\"false\" data-popup-background=\"\" data-popup-transparency=\"30\" data-popup-disable-history=\"\" data-popup-disable-changed-url=\"\" data-popup-border-type=\"solid\" data-popup-border-color=\"\" data-popup-border-width=\"\" data-popup-border-enable=\"\" data-fullscreen=\"false\" data-hide-tooltip=\"false\" data-caption-font-family=\"Default\" data-caption-text-size=\"14px\" data-is-mobile=\"0\" data-caption-mobile=\"false\" data-hide-long-tltp-title=\"0\" data-caption-disabled-on-mobile=\"false\" data-lazyload-enable='1' data-lazyload-effect=\"show\" data-lazyload-effect-duration=\"400\" data-popup-placement-type=\"0\" data-social-sharing=\"{&quot;enabled&quot;:&quot;&quot;,&quot;gallerySharing&quot;:{&quot;enabled&quot;:null,&quot;position&quot;:null},&quot;imageSharing&quot;:{&quot;enabled&quot;:null,&quot;wrapperClass&quot;:&quot; vertical &quot;},&quot;popupSharing&quot;:{&quot;enabled&quot;:null,&quot;wrapperClass&quot;:&quot; vertical &quot;}}\" class=\"grid-gallery grid-gallery-fixed one-photo \" style=\" width:100%; height:auto; float: left;position:relative;\"> <div class=\"gallery-loading\"> <div class=\"blocks\"> <div class=\"block\"><\/div> <div class=\"block\"><\/div> <div class=\"block\"><\/div> <div class=\"block\"><\/div> <\/div> <\/div> <div class=\"gallery-sharing-top\"><\/div> <div id=\"photos-2\" class=\"grid-gallery-photos\"><a id=\"gg-2-24\" class=\"gg-link \" data-attachment-id=\"82\" href=\"http:\/\/spidu.dg-dudensen.de\/wp-content\/uploads\/2020\/03\/P1060594-scaled.jpg?gid=2\" target=\"_self\" title=\"Kleine Feier zur Er\u00f6ffnung des Mehrgenerationenplatzes im Juni 2013\" data-rel=\"prettyPhoto[pp_gal]\" style=\"border-radius:0px;\" ><FIGURE class=\"grid-gallery-caption\" data-grid-gallery-type=\"quarter-slide-up\" data-index=\"0\" style=\"display:none;border:6pxsolid#fefefe; border-radius:0px; box-shadow:0px 4px 10px rgba(0, 0, 0, 1.0);; margin:4.15px; height:215px; width:auto;\" ><div class=\"crop\" style=\"\"><img data-gg-real-image-href=\"http:\/\/spidu.dg-dudensen.de\/wp-content\/uploads\/2020\/03\/P1060594-scaled-287x215.jpg\" src=\"http:\/\/spidu.dg-dudensen.de\/wp-content\/plugins\/gallery-by-supsystic\/src\/GridGallery\/Galleries\/assets\/img\/loading.gif\" class=\"ggImg ggLazyImg ggNotInitImg\" alt=\"P1060594\" title=\"Kleine Feier zur Er\u00f6ffnung des Mehrgenerationenplatzes im Juni 2013\" data-description=\"Kleine Feier zur Er\u00f6ffnung des Mehrgenerationenplatzes im Juni 2013\" data-caption=\"P1060594\" data-title=\"P1060594\" style=\" height:215px; width:auto;\" \/><\/div><FIGCAPTION class=\"\" data-alpha=\"5\" style=\"color:#ffffff; background-color:#6f0000; font-size:14px; text-align:left; font-family:Default;\" ><div class=\"grid-gallery-figcaption-wrap\" style=\" vertical-align:top;\"><\/div><\/FIGCAPTION><\/FIGURE><\/a><a id=\"gg-2-25\" class=\"gg-link hidden-item\" data-attachment-id=\"91\" href=\"http:\/\/spidu.dg-dudensen.de\/wp-content\/uploads\/2020\/03\/P1060603-scaled.jpg?gid=2\" target=\"_self\" title=\"Kleine Feier zur Er\u00f6ffnung des Mehrgenerationenplatzes im Juni 2013\" data-rel=\"prettyPhoto[pp_gal]\" style=\"border-radius:0px;\" ><FIGURE class=\"grid-gallery-caption hidden-item\" data-grid-gallery-type=\"quarter-slide-up\" data-index=\"1\" style=\"display:none;border:6pxsolid#fefefe; border-radius:0px; box-shadow:0px 4px 10px rgba(0, 0, 0, 1.0);; margin:4.15px; height:215px; width:auto;\" ><div class=\"crop\" style=\"\"><img data-gg-real-image-href=\"http:\/\/spidu.dg-dudensen.de\/wp-content\/uploads\/2020\/03\/P1060603-scaled-287x215.jpg\" src=\"http:\/\/spidu.dg-dudensen.de\/wp-content\/plugins\/gallery-by-supsystic\/src\/GridGallery\/Galleries\/assets\/img\/loading.gif\" class=\"ggImg ggLazyImg ggNotInitImg\" alt=\"P1060603\" title=\"Kleine Feier zur Er\u00f6ffnung des Mehrgenerationenplatzes im Juni 2013\" data-description=\"Kleine Feier zur Er\u00f6ffnung des Mehrgenerationenplatzes im Juni 2013\" data-caption=\"P1060603\" data-title=\"P1060603\" style=\" height:215px; width:auto;\" \/><\/div><FIGCAPTION class=\"\" data-alpha=\"5\" style=\"color:#ffffff; background-color:#6f0000; font-size:14px; text-align:left; font-family:Default;\" ><div class=\"grid-gallery-figcaption-wrap\" style=\" vertical-align:top;\"><\/div><\/FIGCAPTION><\/FIGURE><\/a><a id=\"gg-2-26\" class=\"gg-link hidden-item\" data-attachment-id=\"90\" href=\"http:\/\/spidu.dg-dudensen.de\/wp-content\/uploads\/2020\/03\/P1060602-scaled.jpg?gid=2\" target=\"_self\" title=\"Kleine Feier zur Er\u00f6ffnung des Mehrgenerationenplatzes im Juni 2013\" data-rel=\"prettyPhoto[pp_gal]\" style=\"border-radius:0px;\" ><FIGURE class=\"grid-gallery-caption hidden-item\" data-grid-gallery-type=\"quarter-slide-up\" data-index=\"2\" style=\"display:none;border:6pxsolid#fefefe; border-radius:0px; box-shadow:0px 4px 10px rgba(0, 0, 0, 1.0);; margin:4.15px; height:215px; width:auto;\" ><div class=\"crop\" style=\"\"><img data-gg-real-image-href=\"http:\/\/spidu.dg-dudensen.de\/wp-content\/uploads\/2020\/03\/P1060602-scaled-287x215.jpg\" src=\"http:\/\/spidu.dg-dudensen.de\/wp-content\/plugins\/gallery-by-supsystic\/src\/GridGallery\/Galleries\/assets\/img\/loading.gif\" class=\"ggImg ggLazyImg ggNotInitImg\" alt=\"P1060602\" title=\"Kleine Feier zur Er\u00f6ffnung des Mehrgenerationenplatzes im Juni 2013\" data-description=\"Kleine Feier zur Er\u00f6ffnung des Mehrgenerationenplatzes im Juni 2013\" data-caption=\"P1060602\" data-title=\"P1060602\" style=\" height:215px; width:auto;\" \/><\/div><FIGCAPTION class=\"\" data-alpha=\"5\" style=\"color:#ffffff; background-color:#6f0000; font-size:14px; text-align:left; font-family:Default;\" ><div class=\"grid-gallery-figcaption-wrap\" style=\" vertical-align:top;\"><\/div><\/FIGCAPTION><\/FIGURE><\/a><a id=\"gg-2-27\" class=\"gg-link hidden-item\" data-attachment-id=\"89\" href=\"http:\/\/spidu.dg-dudensen.de\/wp-content\/uploads\/2020\/03\/P1060601-scaled.jpg?gid=2\" target=\"_self\" title=\"Kleine Feier zur Er\u00f6ffnung des Mehrgenerationenplatzes im Juni 2013\" data-rel=\"prettyPhoto[pp_gal]\" style=\"border-radius:0px;\" ><FIGURE class=\"grid-gallery-caption hidden-item\" data-grid-gallery-type=\"quarter-slide-up\" data-index=\"3\" style=\"display:none;border:6pxsolid#fefefe; border-radius:0px; box-shadow:0px 4px 10px rgba(0, 0, 0, 1.0);; margin:4.15px; height:215px; width:auto;\" ><div class=\"crop\" style=\"\"><img data-gg-real-image-href=\"http:\/\/spidu.dg-dudensen.de\/wp-content\/uploads\/2020\/03\/P1060601-scaled-287x215.jpg\" src=\"http:\/\/spidu.dg-dudensen.de\/wp-content\/plugins\/gallery-by-supsystic\/src\/GridGallery\/Galleries\/assets\/img\/loading.gif\" class=\"ggImg ggLazyImg ggNotInitImg\" alt=\"P1060601\" title=\"Kleine Feier zur Er\u00f6ffnung des Mehrgenerationenplatzes im Juni 2013\" data-description=\"Kleine Feier zur Er\u00f6ffnung des Mehrgenerationenplatzes im Juni 2013\" data-caption=\"P1060601\" data-title=\"P1060601\" style=\" height:215px; width:auto;\" \/><\/div><FIGCAPTION class=\"\" data-alpha=\"5\" style=\"color:#ffffff; background-color:#6f0000; font-size:14px; text-align:left; font-family:Default;\" ><div class=\"grid-gallery-figcaption-wrap\" style=\" vertical-align:top;\"><\/div><\/FIGCAPTION><\/FIGURE><\/a><a id=\"gg-2-28\" class=\"gg-link hidden-item\" data-attachment-id=\"88\" href=\"http:\/\/spidu.dg-dudensen.de\/wp-content\/uploads\/2020\/03\/P1060600-scaled.jpg?gid=2\" target=\"_self\" title=\"Kleine Feier zur Er\u00f6ffnung des Mehrgenerationenplatzes im Juni 2013\" data-rel=\"prettyPhoto[pp_gal]\" style=\"border-radius:0px;\" ><FIGURE class=\"grid-gallery-caption hidden-item\" data-grid-gallery-type=\"quarter-slide-up\" data-index=\"4\" style=\"display:none;border:6pxsolid#fefefe; border-radius:0px; box-shadow:0px 4px 10px rgba(0, 0, 0, 1.0);; margin:4.15px; height:215px; width:auto;\" ><div class=\"crop\" style=\"\"><img data-gg-real-image-href=\"http:\/\/spidu.dg-dudensen.de\/wp-content\/uploads\/2020\/03\/P1060600-scaled-287x215.jpg\" src=\"http:\/\/spidu.dg-dudensen.de\/wp-content\/plugins\/gallery-by-supsystic\/src\/GridGallery\/Galleries\/assets\/img\/loading.gif\" class=\"ggImg ggLazyImg ggNotInitImg\" alt=\"P1060600\" title=\"Kleine Feier zur Er\u00f6ffnung des Mehrgenerationenplatzes im Juni 2013\" data-description=\"Kleine Feier zur Er\u00f6ffnung des Mehrgenerationenplatzes im Juni 2013\" data-caption=\"P1060600\" data-title=\"P1060600\" style=\" height:215px; width:auto;\" \/><\/div><FIGCAPTION class=\"\" data-alpha=\"5\" style=\"color:#ffffff; background-color:#6f0000; font-size:14px; text-align:left; font-family:Default;\" ><div class=\"grid-gallery-figcaption-wrap\" style=\" vertical-align:top;\"><\/div><\/FIGCAPTION><\/FIGURE><\/a><a id=\"gg-2-29\" class=\"gg-link hidden-item\" data-attachment-id=\"87\" href=\"http:\/\/spidu.dg-dudensen.de\/wp-content\/uploads\/2020\/03\/P1060599-scaled.jpg?gid=2\" target=\"_self\" title=\"Kleine Feier zur Er\u00f6ffnung des Mehrgenerationenplatzes im Juni 2013\" data-rel=\"prettyPhoto[pp_gal]\" style=\"border-radius:0px;\" ><FIGURE class=\"grid-gallery-caption hidden-item\" data-grid-gallery-type=\"quarter-slide-up\" data-index=\"5\" style=\"display:none;border:6pxsolid#fefefe; border-radius:0px; box-shadow:0px 4px 10px rgba(0, 0, 0, 1.0);; margin:4.15px; height:215px; width:auto;\" ><div class=\"crop\" style=\"\"><img data-gg-real-image-href=\"http:\/\/spidu.dg-dudensen.de\/wp-content\/uploads\/2020\/03\/P1060599-scaled-287x215.jpg\" src=\"http:\/\/spidu.dg-dudensen.de\/wp-content\/plugins\/gallery-by-supsystic\/src\/GridGallery\/Galleries\/assets\/img\/loading.gif\" class=\"ggImg ggLazyImg ggNotInitImg\" alt=\"P1060599\" title=\"Kleine Feier zur Er\u00f6ffnung des Mehrgenerationenplatzes im Juni 2013\" data-description=\"Kleine Feier zur Er\u00f6ffnung des Mehrgenerationenplatzes im Juni 2013\" data-caption=\"P1060599\" data-title=\"P1060599\" style=\" height:215px; width:auto;\" \/><\/div><FIGCAPTION class=\"\" data-alpha=\"5\" style=\"color:#ffffff; background-color:#6f0000; font-size:14px; text-align:left; font-family:Default;\" ><div class=\"grid-gallery-figcaption-wrap\" style=\" vertical-align:top;\"><\/div><\/FIGCAPTION><\/FIGURE><\/a><a id=\"gg-2-30\" class=\"gg-link hidden-item\" data-attachment-id=\"86\" href=\"http:\/\/spidu.dg-dudensen.de\/wp-content\/uploads\/2020\/03\/P1060598-scaled.jpg?gid=2\" target=\"_self\" title=\"Kleine Feier zur Er\u00f6ffnung des Mehrgenerationenplatzes im Juni 2013\" data-rel=\"prettyPhoto[pp_gal]\" style=\"border-radius:0px;\" ><FIGURE class=\"grid-gallery-caption hidden-item\" data-grid-gallery-type=\"quarter-slide-up\" data-index=\"6\" style=\"display:none;border:6pxsolid#fefefe; border-radius:0px; box-shadow:0px 4px 10px rgba(0, 0, 0, 1.0);; margin:4.15px; height:215px; width:auto;\" ><div class=\"crop\" style=\"\"><img data-gg-real-image-href=\"http:\/\/spidu.dg-dudensen.de\/wp-content\/uploads\/2020\/03\/P1060598-scaled-287x215.jpg\" src=\"http:\/\/spidu.dg-dudensen.de\/wp-content\/plugins\/gallery-by-supsystic\/src\/GridGallery\/Galleries\/assets\/img\/loading.gif\" class=\"ggImg ggLazyImg ggNotInitImg\" alt=\"P1060598\" title=\"Kleine Feier zur Er\u00f6ffnung des Mehrgenerationenplatzes im Juni 2013\" data-description=\"Kleine Feier zur Er\u00f6ffnung des Mehrgenerationenplatzes im Juni 2013\" data-caption=\"P1060598\" data-title=\"P1060598\" style=\" height:215px; width:auto;\" \/><\/div><FIGCAPTION class=\"\" data-alpha=\"5\" style=\"color:#ffffff; background-color:#6f0000; font-size:14px; text-align:left; font-family:Default;\" ><div class=\"grid-gallery-figcaption-wrap\" style=\" vertical-align:top;\"><\/div><\/FIGCAPTION><\/FIGURE><\/a><a id=\"gg-2-31\" class=\"gg-link hidden-item\" data-attachment-id=\"85\" href=\"http:\/\/spidu.dg-dudensen.de\/wp-content\/uploads\/2020\/03\/P1060597-scaled.jpg?gid=2\" target=\"_self\" title=\"Kleine Feier zur Er\u00f6ffnung des Mehrgenerationenplatzes im Juni 2013\" data-rel=\"prettyPhoto[pp_gal]\" style=\"border-radius:0px;\" ><FIGURE class=\"grid-gallery-caption hidden-item\" data-grid-gallery-type=\"quarter-slide-up\" data-index=\"7\" style=\"display:none;border:6pxsolid#fefefe; border-radius:0px; box-shadow:0px 4px 10px rgba(0, 0, 0, 1.0);; margin:4.15px; height:215px; width:auto;\" ><div class=\"crop\" style=\"\"><img data-gg-real-image-href=\"http:\/\/spidu.dg-dudensen.de\/wp-content\/uploads\/2020\/03\/P1060597-scaled-287x215.jpg\" src=\"http:\/\/spidu.dg-dudensen.de\/wp-content\/plugins\/gallery-by-supsystic\/src\/GridGallery\/Galleries\/assets\/img\/loading.gif\" class=\"ggImg ggLazyImg ggNotInitImg\" alt=\"P1060597\" title=\"Kleine Feier zur Er\u00f6ffnung des Mehrgenerationenplatzes im Juni 2013\" data-description=\"Kleine Feier zur Er\u00f6ffnung des Mehrgenerationenplatzes im Juni 2013\" data-caption=\"P1060597\" data-title=\"P1060597\" style=\" height:215px; width:auto;\" \/><\/div><FIGCAPTION class=\"\" data-alpha=\"5\" style=\"color:#ffffff; background-color:#6f0000; font-size:14px; text-align:left; font-family:Default;\" ><div class=\"grid-gallery-figcaption-wrap\" style=\" vertical-align:top;\"><\/div><\/FIGCAPTION><\/FIGURE><\/a><a id=\"gg-2-32\" class=\"gg-link hidden-item\" data-attachment-id=\"84\" href=\"http:\/\/spidu.dg-dudensen.de\/wp-content\/uploads\/2020\/03\/P1060596-scaled.jpg?gid=2\" target=\"_self\" title=\"Kleine Feier zur Er\u00f6ffnung des Mehrgenerationenplatzes im Juni 2013\" data-rel=\"prettyPhoto[pp_gal]\" style=\"border-radius:0px;\" ><FIGURE class=\"grid-gallery-caption hidden-item\" data-grid-gallery-type=\"quarter-slide-up\" data-index=\"8\" style=\"display:none;border:6pxsolid#fefefe; border-radius:0px; box-shadow:0px 4px 10px rgba(0, 0, 0, 1.0);; margin:4.15px; height:215px; width:auto;\" ><div class=\"crop\" style=\"\"><img data-gg-real-image-href=\"http:\/\/spidu.dg-dudensen.de\/wp-content\/uploads\/2020\/03\/P1060596-scaled-287x215.jpg\" src=\"http:\/\/spidu.dg-dudensen.de\/wp-content\/plugins\/gallery-by-supsystic\/src\/GridGallery\/Galleries\/assets\/img\/loading.gif\" class=\"ggImg ggLazyImg ggNotInitImg\" alt=\"P1060596\" title=\"Kleine Feier zur Er\u00f6ffnung des Mehrgenerationenplatzes im Juni 2013\" data-description=\"Kleine Feier zur Er\u00f6ffnung des Mehrgenerationenplatzes im Juni 2013\" data-caption=\"P1060596\" data-title=\"P1060596\" style=\" height:215px; width:auto;\" \/><\/div><FIGCAPTION class=\"\" data-alpha=\"5\" style=\"color:#ffffff; background-color:#6f0000; font-size:14px; text-align:left; font-family:Default;\" ><div class=\"grid-gallery-figcaption-wrap\" style=\" vertical-align:top;\"><\/div><\/FIGCAPTION><\/FIGURE><\/a><a id=\"gg-2-34\" class=\"gg-link hidden-item\" data-attachment-id=\"81\" href=\"http:\/\/spidu.dg-dudensen.de\/wp-content\/uploads\/2020\/03\/P1060593-scaled.jpg?gid=2\" target=\"_self\" title=\"Kleine Feier zur Er\u00f6ffnung des Mehrgenerationenplatzes im Juni 2013\" data-rel=\"prettyPhoto[pp_gal]\" style=\"border-radius:0px;\" ><FIGURE class=\"grid-gallery-caption hidden-item\" data-grid-gallery-type=\"quarter-slide-up\" data-index=\"9\" style=\"display:none;border:6pxsolid#fefefe; border-radius:0px; box-shadow:0px 4px 10px rgba(0, 0, 0, 1.0);; margin:4.15px; height:215px; width:auto;\" ><div class=\"crop\" style=\"\"><img data-gg-real-image-href=\"http:\/\/spidu.dg-dudensen.de\/wp-content\/uploads\/2020\/03\/P1060593-scaled-287x215.jpg\" src=\"http:\/\/spidu.dg-dudensen.de\/wp-content\/plugins\/gallery-by-supsystic\/src\/GridGallery\/Galleries\/assets\/img\/loading.gif\" class=\"ggImg ggLazyImg ggNotInitImg\" alt=\"P1060593\" title=\"Kleine Feier zur Er\u00f6ffnung des Mehrgenerationenplatzes im Juni 2013\" data-description=\"Kleine Feier zur Er\u00f6ffnung des Mehrgenerationenplatzes im Juni 2013\" data-caption=\"P1060593\" data-title=\"P1060593\" style=\" height:215px; width:auto;\" \/><\/div><FIGCAPTION class=\"\" data-alpha=\"5\" style=\"color:#ffffff; background-color:#6f0000; font-size:14px; text-align:left; font-family:Default;\" ><div class=\"grid-gallery-figcaption-wrap\" style=\" vertical-align:top;\"><\/div><\/FIGCAPTION><\/FIGURE><\/a><a id=\"gg-2-35\" class=\"gg-link hidden-item\" data-attachment-id=\"80\" href=\"http:\/\/spidu.dg-dudensen.de\/wp-content\/uploads\/2020\/03\/P1060592-scaled.jpg?gid=2\" target=\"_self\" title=\"Kleine Feier zur Er\u00f6ffnung des Mehrgenerationenplatzes im Juni 2013\" data-rel=\"prettyPhoto[pp_gal]\" style=\"border-radius:0px;\" ><FIGURE class=\"grid-gallery-caption hidden-item\" data-grid-gallery-type=\"quarter-slide-up\" data-index=\"10\" style=\"display:none;border:6pxsolid#fefefe; border-radius:0px; box-shadow:0px 4px 10px rgba(0, 0, 0, 1.0);; margin:4.15px; height:215px; width:auto;\" ><div class=\"crop\" style=\"\"><img data-gg-real-image-href=\"http:\/\/spidu.dg-dudensen.de\/wp-content\/uploads\/2020\/03\/P1060592-scaled-287x215.jpg\" src=\"http:\/\/spidu.dg-dudensen.de\/wp-content\/plugins\/gallery-by-supsystic\/src\/GridGallery\/Galleries\/assets\/img\/loading.gif\" class=\"ggImg ggLazyImg ggNotInitImg\" alt=\"P1060592\" title=\"Kleine Feier zur Er\u00f6ffnung des Mehrgenerationenplatzes im Juni 2013\" data-description=\"Kleine Feier zur Er\u00f6ffnung des Mehrgenerationenplatzes im Juni 2013\" data-caption=\"P1060592\" data-title=\"P1060592\" style=\" height:215px; width:auto;\" \/><\/div><FIGCAPTION class=\"\" data-alpha=\"5\" style=\"color:#ffffff; background-color:#6f0000; font-size:14px; text-align:left; font-family:Default;\" ><div class=\"grid-gallery-figcaption-wrap\" style=\" vertical-align:top;\"><\/div><\/FIGCAPTION><\/FIGURE><\/a><a id=\"gg-2-39\" class=\"gg-link hidden-item\" data-attachment-id=\"76\" href=\"http:\/\/spidu.dg-dudensen.de\/wp-content\/uploads\/2020\/03\/P1060588-scaled.jpg?gid=2\" target=\"_self\" title=\"Kleine Feier zur Er\u00f6ffnung des Mehrgenerationenplatzes im Juni 2013\" data-rel=\"prettyPhoto[pp_gal]\" style=\"border-radius:0px;\" ><FIGURE class=\"grid-gallery-caption hidden-item\" data-grid-gallery-type=\"quarter-slide-up\" data-index=\"11\" style=\"display:none;border:6pxsolid#fefefe; border-radius:0px; box-shadow:0px 4px 10px rgba(0, 0, 0, 1.0);; margin:4.15px; height:215px; width:auto;\" ><div class=\"crop\" style=\"\"><img data-gg-real-image-href=\"http:\/\/spidu.dg-dudensen.de\/wp-content\/uploads\/2020\/03\/P1060588-scaled-287x215.jpg\" src=\"http:\/\/spidu.dg-dudensen.de\/wp-content\/plugins\/gallery-by-supsystic\/src\/GridGallery\/Galleries\/assets\/img\/loading.gif\" class=\"ggImg ggLazyImg ggNotInitImg\" alt=\"P1060588\" title=\"Kleine Feier zur Er\u00f6ffnung des Mehrgenerationenplatzes im Juni 2013\" data-description=\"Kleine Feier zur Er\u00f6ffnung des Mehrgenerationenplatzes im Juni 2013\" data-caption=\"P1060588\" data-title=\"P1060588\" style=\" height:215px; width:auto;\" \/><\/div><FIGCAPTION class=\"\" data-alpha=\"5\" style=\"color:#ffffff; background-color:#6f0000; font-size:14px; text-align:left; font-family:Default;\" ><div class=\"grid-gallery-figcaption-wrap\" style=\" vertical-align:top;\"><\/div><\/FIGCAPTION><\/FIGURE><\/a><a id=\"gg-2-40\" class=\"gg-link hidden-item\" data-attachment-id=\"75\" href=\"http:\/\/spidu.dg-dudensen.de\/wp-content\/uploads\/2020\/03\/P1060587-scaled.jpg?gid=2\" target=\"_self\" title=\"Kleine Feier zur Er\u00f6ffnung des Mehrgenerationenplatzes im Juni 2013\" data-rel=\"prettyPhoto[pp_gal]\" style=\"border-radius:0px;\" ><FIGURE class=\"grid-gallery-caption hidden-item\" data-grid-gallery-type=\"quarter-slide-up\" data-index=\"12\" style=\"display:none;border:6pxsolid#fefefe; border-radius:0px; box-shadow:0px 4px 10px rgba(0, 0, 0, 1.0);; margin:4.15px; height:215px; width:auto;\" ><div class=\"crop\" style=\"\"><img data-gg-real-image-href=\"http:\/\/spidu.dg-dudensen.de\/wp-content\/uploads\/2020\/03\/P1060587-scaled-287x215.jpg\" src=\"http:\/\/spidu.dg-dudensen.de\/wp-content\/plugins\/gallery-by-supsystic\/src\/GridGallery\/Galleries\/assets\/img\/loading.gif\" class=\"ggImg ggLazyImg ggNotInitImg\" alt=\"P1060587\" title=\"Kleine Feier zur Er\u00f6ffnung des Mehrgenerationenplatzes im Juni 2013\" data-description=\"Kleine Feier zur Er\u00f6ffnung des Mehrgenerationenplatzes im Juni 2013\" data-caption=\"P1060587\" data-title=\"P1060587\" style=\" height:215px; width:auto;\" \/><\/div><FIGCAPTION class=\"\" data-alpha=\"5\" style=\"color:#ffffff; background-color:#6f0000; font-size:14px; text-align:left; font-family:Default;\" ><div class=\"grid-gallery-figcaption-wrap\" style=\" vertical-align:top;\"><\/div><\/FIGCAPTION><\/FIGURE><\/a><a id=\"gg-2-41\" class=\"gg-link hidden-item\" data-attachment-id=\"74\" href=\"http:\/\/spidu.dg-dudensen.de\/wp-content\/uploads\/2020\/03\/P1060586-scaled.jpg?gid=2\" target=\"_self\" title=\"Kleine Feier zur Er\u00f6ffnung des Mehrgenerationenplatzes im Juni 2013\" data-rel=\"prettyPhoto[pp_gal]\" style=\"border-radius:0px;\" ><FIGURE class=\"grid-gallery-caption hidden-item\" data-grid-gallery-type=\"quarter-slide-up\" data-index=\"13\" style=\"display:none;border:6pxsolid#fefefe; border-radius:0px; box-shadow:0px 4px 10px rgba(0, 0, 0, 1.0);; margin:4.15px; height:215px; width:auto;\" ><div class=\"crop\" style=\"\"><img data-gg-real-image-href=\"http:\/\/spidu.dg-dudensen.de\/wp-content\/uploads\/2020\/03\/P1060586-scaled-287x215.jpg\" src=\"http:\/\/spidu.dg-dudensen.de\/wp-content\/plugins\/gallery-by-supsystic\/src\/GridGallery\/Galleries\/assets\/img\/loading.gif\" class=\"ggImg ggLazyImg ggNotInitImg\" alt=\"P1060586\" title=\"Kleine Feier zur Er\u00f6ffnung des Mehrgenerationenplatzes im Juni 2013\" data-description=\"Kleine Feier zur Er\u00f6ffnung des Mehrgenerationenplatzes im Juni 2013\" data-caption=\"P1060586\" data-title=\"P1060586\" style=\" height:215px; width:auto;\" \/><\/div><FIGCAPTION class=\"\" data-alpha=\"5\" style=\"color:#ffffff; background-color:#6f0000; font-size:14px; text-align:left; font-family:Default;\" ><div class=\"grid-gallery-figcaption-wrap\" style=\" vertical-align:top;\"><\/div><\/FIGCAPTION><\/FIGURE><\/a><a id=\"gg-2-42\" class=\"gg-link hidden-item\" data-attachment-id=\"73\" href=\"http:\/\/spidu.dg-dudensen.de\/wp-content\/uploads\/2020\/03\/P1060585-scaled.jpg?gid=2\" target=\"_self\" title=\"Kleine Feier zur Er\u00f6ffnung des Mehrgenerationenplatzes im Juni 2013\" data-rel=\"prettyPhoto[pp_gal]\" style=\"border-radius:0px;\" ><FIGURE class=\"grid-gallery-caption hidden-item\" data-grid-gallery-type=\"quarter-slide-up\" data-index=\"14\" style=\"display:none;border:6pxsolid#fefefe; border-radius:0px; box-shadow:0px 4px 10px rgba(0, 0, 0, 1.0);; margin:4.15px; height:215px; width:auto;\" ><div class=\"crop\" style=\"\"><img data-gg-real-image-href=\"http:\/\/spidu.dg-dudensen.de\/wp-content\/uploads\/2020\/03\/P1060585-scaled-287x215.jpg\" src=\"http:\/\/spidu.dg-dudensen.de\/wp-content\/plugins\/gallery-by-supsystic\/src\/GridGallery\/Galleries\/assets\/img\/loading.gif\" class=\"ggImg ggLazyImg ggNotInitImg\" alt=\"P1060585\" title=\"Kleine Feier zur Er\u00f6ffnung des Mehrgenerationenplatzes im Juni 2013\" data-description=\"Kleine Feier zur Er\u00f6ffnung des Mehrgenerationenplatzes im Juni 2013\" data-caption=\"P1060585\" data-title=\"P1060585\" style=\" height:215px; width:auto;\" \/><\/div><FIGCAPTION class=\"\" data-alpha=\"5\" style=\"color:#ffffff; background-color:#6f0000; font-size:14px; text-align:left; font-family:Default;\" ><div class=\"grid-gallery-figcaption-wrap\" style=\" vertical-align:top;\"><\/div><\/FIGCAPTION><\/FIGURE><\/a><a id=\"gg-2-44\" class=\"gg-link hidden-item\" data-attachment-id=\"71\" href=\"http:\/\/spidu.dg-dudensen.de\/wp-content\/uploads\/2020\/03\/P1060583-scaled.jpg?gid=2\" target=\"_self\" title=\"Kleine Feier zur Er\u00f6ffnung des Mehrgenerationenplatzes im Juni 2013\" data-rel=\"prettyPhoto[pp_gal]\" style=\"border-radius:0px;\" ><FIGURE class=\"grid-gallery-caption hidden-item\" data-grid-gallery-type=\"quarter-slide-up\" data-index=\"15\" style=\"display:none;border:6pxsolid#fefefe; border-radius:0px; box-shadow:0px 4px 10px rgba(0, 0, 0, 1.0);; margin:4.15px; height:215px; width:auto;\" ><div class=\"crop\" style=\"\"><img data-gg-real-image-href=\"http:\/\/spidu.dg-dudensen.de\/wp-content\/uploads\/2020\/03\/P1060583-scaled-287x215.jpg\" src=\"http:\/\/spidu.dg-dudensen.de\/wp-content\/plugins\/gallery-by-supsystic\/src\/GridGallery\/Galleries\/assets\/img\/loading.gif\" class=\"ggImg ggLazyImg ggNotInitImg\" alt=\"P1060583\" title=\"Kleine Feier zur Er\u00f6ffnung des Mehrgenerationenplatzes im Juni 2013\" data-description=\"Kleine Feier zur Er\u00f6ffnung des Mehrgenerationenplatzes im Juni 2013\" data-caption=\"P1060583\" data-title=\"P1060583\" style=\" height:215px; width:auto;\" \/><\/div><FIGCAPTION class=\"\" data-alpha=\"5\" style=\"color:#ffffff; background-color:#6f0000; font-size:14px; text-align:left; font-family:Default;\" ><div class=\"grid-gallery-figcaption-wrap\" style=\" vertical-align:top;\"><\/div><\/FIGCAPTION><\/FIGURE><\/a><a id=\"gg-2-45\" class=\"gg-link hidden-item\" data-attachment-id=\"70\" href=\"http:\/\/spidu.dg-dudensen.de\/wp-content\/uploads\/2020\/03\/P1060582-scaled.jpg?gid=2\" target=\"_self\" title=\"Kleine Feier zur Er\u00f6ffnung des Mehrgenerationenplatzes im Juni 2013\" data-rel=\"prettyPhoto[pp_gal]\" style=\"border-radius:0px;\" ><FIGURE class=\"grid-gallery-caption hidden-item\" data-grid-gallery-type=\"quarter-slide-up\" data-index=\"16\" style=\"display:none;border:6pxsolid#fefefe; border-radius:0px; box-shadow:0px 4px 10px rgba(0, 0, 0, 1.0);; margin:4.15px; height:215px; width:auto;\" ><div class=\"crop\" style=\"\"><img data-gg-real-image-href=\"http:\/\/spidu.dg-dudensen.de\/wp-content\/uploads\/2020\/03\/P1060582-scaled-287x215.jpg\" src=\"http:\/\/spidu.dg-dudensen.de\/wp-content\/plugins\/gallery-by-supsystic\/src\/GridGallery\/Galleries\/assets\/img\/loading.gif\" class=\"ggImg ggLazyImg ggNotInitImg\" alt=\"P1060582\" title=\"Kleine Feier zur Er\u00f6ffnung des Mehrgenerationenplatzes im Juni 2013\" data-description=\"Kleine Feier zur Er\u00f6ffnung des Mehrgenerationenplatzes im Juni 2013\" data-caption=\"P1060582\" data-title=\"P1060582\" style=\" height:215px; width:auto;\" \/><\/div><FIGCAPTION class=\"\" data-alpha=\"5\" style=\"color:#ffffff; background-color:#6f0000; font-size:14px; text-align:left; font-family:Default;\" ><div class=\"grid-gallery-figcaption-wrap\" style=\" vertical-align:top;\"><\/div><\/FIGCAPTION><\/FIGURE><\/a><a id=\"gg-2-46\" class=\"gg-link hidden-item\" data-attachment-id=\"69\" href=\"http:\/\/spidu.dg-dudensen.de\/wp-content\/uploads\/2020\/03\/47-Mehrgenerationenplatz-5.jpg?gid=2\" target=\"_self\" title=\"Kleine Feier zur Er\u00f6ffnung des Mehrgenerationenplatzes im Juni 2013\" data-rel=\"prettyPhoto[pp_gal]\" style=\"border-radius:0px;\" ><FIGURE class=\"grid-gallery-caption hidden-item\" data-grid-gallery-type=\"quarter-slide-up\" data-index=\"17\" style=\"display:none;border:6pxsolid#fefefe; border-radius:0px; box-shadow:0px 4px 10px rgba(0, 0, 0, 1.0);; margin:4.15px; height:215px; width:auto;\" ><div class=\"crop\" style=\"\"><img data-gg-real-image-href=\"http:\/\/spidu.dg-dudensen.de\/wp-content\/uploads\/2020\/03\/47-Mehrgenerationenplatz-5-286x215.jpg\" src=\"http:\/\/spidu.dg-dudensen.de\/wp-content\/plugins\/gallery-by-supsystic\/src\/GridGallery\/Galleries\/assets\/img\/loading.gif\" class=\"ggImg ggLazyImg ggNotInitImg\" alt=\"47-Mehrgenerationenplatz-5\" title=\"Kleine Feier zur Er\u00f6ffnung des Mehrgenerationenplatzes im Juni 2013\" data-description=\"Kleine Feier zur Er\u00f6ffnung des Mehrgenerationenplatzes im Juni 2013\" data-caption=\"47-Mehrgenerationenplatz-5\" data-title=\"47-Mehrgenerationenplatz-5\" style=\" height:215px; width:auto;\" \/><\/div><FIGCAPTION class=\"\" data-alpha=\"5\" style=\"color:#ffffff; background-color:#6f0000; font-size:14px; text-align:left; font-family:Default;\" ><div class=\"grid-gallery-figcaption-wrap\" style=\" vertical-align:top;\"><\/div><\/FIGCAPTION><\/FIGURE><\/a><a id=\"gg-2-48\" class=\"gg-link hidden-item\" data-attachment-id=\"67\" href=\"http:\/\/spidu.dg-dudensen.de\/wp-content\/uploads\/2020\/03\/45-Mehrgenerationenplatz-3.jpg?gid=2\" target=\"_self\" title=\"Kleine Feier zur Er\u00f6ffnung des Mehrgenerationenplatzes im Juni 2013\" data-rel=\"prettyPhoto[pp_gal]\" style=\"border-radius:0px;\" ><FIGURE class=\"grid-gallery-caption hidden-item\" data-grid-gallery-type=\"quarter-slide-up\" data-index=\"18\" style=\"display:none;border:6pxsolid#fefefe; border-radius:0px; box-shadow:0px 4px 10px rgba(0, 0, 0, 1.0);; margin:4.15px; height:215px; width:auto;\" ><div class=\"crop\" style=\"\"><img data-gg-real-image-href=\"http:\/\/spidu.dg-dudensen.de\/wp-content\/uploads\/2020\/03\/45-Mehrgenerationenplatz-3-286x215.jpg\" src=\"http:\/\/spidu.dg-dudensen.de\/wp-content\/plugins\/gallery-by-supsystic\/src\/GridGallery\/Galleries\/assets\/img\/loading.gif\" class=\"ggImg ggLazyImg ggNotInitImg\" alt=\"45-Mehrgenerationenplatz-3\" title=\"Kleine Feier zur Er\u00f6ffnung des Mehrgenerationenplatzes im Juni 2013\" data-description=\"Kleine Feier zur Er\u00f6ffnung des Mehrgenerationenplatzes im Juni 2013\" data-caption=\"45-Mehrgenerationenplatz-3\" data-title=\"45-Mehrgenerationenplatz-3\" style=\" height:215px; width:auto;\" \/><\/div><FIGCAPTION class=\"\" data-alpha=\"5\" style=\"color:#ffffff; background-color:#6f0000; font-size:14px; text-align:left; font-family:Default;\" ><div class=\"grid-gallery-figcaption-wrap\" style=\" vertical-align:top;\"><\/div><\/FIGCAPTION><\/FIGURE><\/a><a id=\"gg-2-49\" class=\"gg-link hidden-item\" data-attachment-id=\"66\" href=\"http:\/\/spidu.dg-dudensen.de\/wp-content\/uploads\/2020\/03\/44-Mehrgenerationenplatz-2.jpg?gid=2\" target=\"_self\" title=\"Kleine Feier zur Er\u00f6ffnung des Mehrgenerationenplatzes im Juni 2013\" data-rel=\"prettyPhoto[pp_gal]\" style=\"border-radius:0px;\" ><FIGURE class=\"grid-gallery-caption hidden-item\" data-grid-gallery-type=\"quarter-slide-up\" data-index=\"19\" style=\"display:none;border:6pxsolid#fefefe; border-radius:0px; box-shadow:0px 4px 10px rgba(0, 0, 0, 1.0);; margin:4.15px; height:215px; width:auto;\" ><div class=\"crop\" style=\"\"><img data-gg-real-image-href=\"http:\/\/spidu.dg-dudensen.de\/wp-content\/uploads\/2020\/03\/44-Mehrgenerationenplatz-2-286x215.jpg\" src=\"http:\/\/spidu.dg-dudensen.de\/wp-content\/plugins\/gallery-by-supsystic\/src\/GridGallery\/Galleries\/assets\/img\/loading.gif\" class=\"ggImg ggLazyImg ggNotInitImg\" alt=\"44-Mehrgenerationenplatz-2\" title=\"Kleine Feier zur Er\u00f6ffnung des Mehrgenerationenplatzes im Juni 2013\" data-description=\"Kleine Feier zur Er\u00f6ffnung des Mehrgenerationenplatzes im Juni 2013\" data-caption=\"Kleine Feier zur E\u00f6ffnung des Mehrgenerationenplatzes im Juni 2013\" data-title=\"44-Mehrgenerationenplatz-2\" style=\" height:215px; width:auto;\" \/><\/div><FIGCAPTION class=\"\" data-alpha=\"5\" style=\"color:#ffffff; background-color:#6f0000; font-size:14px; text-align:left; font-family:Default;\" ><div class=\"grid-gallery-figcaption-wrap\" style=\" vertical-align:top;\"><div class=\"gg-image-caption fitvidsignore\" style=\"font-size:14px;\"><object type=\"none\/none\">Kleine Feier zur E\u00f6ffnung des Mehrgenerationenplatzes im Juni 2013 <\/object><\/div><\/div><\/FIGCAPTION><\/FIGURE><\/a> <div class=\"grid-gallery-clearfix\"><\/div> <\/div> <div class=\"gallery-sharing-bottom\"><\/div> <div class=\"grid-gallery-clearfix\"><\/div> <\/div> <!-- Gallery by Supsystic plugin1.15.4 -->\n\n\n\n<h2> Ab 2013&#8230; Kinderschminken beim j\u00e4hrlichen M\u00fchlenfest<\/h2>\n\n\n\n<div id=\"grid-gallery-6-98969\" data-gg-id=\"6\" data-title=\"Kinderschminken\" data-grid-type=\"2\" data-offset=\"8.3\" data-area-position=\"left\" data-icons=\"false\" data-preloader=\"true\" data-width=\"auto\" data-height=\"215\" data-padding=\"0\" data-quicksand=\"disabled\" data-quicksand-duration=\"none\" data-popup-theme=\"theme_6\" data-popup-type=\"pretty-photo\" data-popup-image-text=\"data-description\" data-popup-widthsize=\"auto\" data-popup-heightsize=\"auto\" data-popup-i18n-words=\"{&quot;close&quot;:&quot;schlie\\u00dfen&quot;,&quot;next&quot;:&quot;n\\u00e4chste&quot;,&quot;previous&quot;:&quot;vorherige&quot;,&quot;start_slideshow&quot;:&quot;Starte Slideshow&quot;,&quot;stop_slideshow&quot;:&quot;Stoppe Slideshow&quot;,&quot;image&quot;:&quot;Bild&quot;,&quot;of&quot;:&quot;von&quot;,&quot;prev&quot;:&quot;vorherige&quot;,&quot;cExpand&quot;:&quot;Erweitere&quot;,&quot;cPrevious&quot;:&quot;Vorheriges&quot;,&quot;cNext&quot;:&quot;N\\u00e4chstes&quot;,&quot;cExpandStr&quot;:&quot;Erweitere Bild&quot;,&quot;cRotate&quot;:&quot;Rotate&quot;,&quot;cDetails&quot;:&quot;Details&quot;}\" data-popup-slideshow=\"false\" data-popup-slideshow-speed=\"2500\" data-popup-hoverstop=\"true\" data-popup-slideshow-auto=\"false\" data-popup-background=\"\" data-popup-transparency=\"30\" data-popup-disable-history=\"\" data-popup-disable-changed-url=\"\" data-popup-border-type=\"solid\" data-popup-border-color=\"\" data-popup-border-width=\"\" data-popup-border-enable=\"\" data-fullscreen=\"false\" data-hide-tooltip=\"false\" data-caption-font-family=\"Default\" data-caption-text-size=\"14px\" data-is-mobile=\"0\" data-caption-mobile=\"false\" data-hide-long-tltp-title=\"0\" data-caption-disabled-on-mobile=\"false\" data-lazyload-enable='1' data-lazyload-effect=\"show\" data-lazyload-effect-duration=\"400\" data-popup-placement-type=\"0\" data-social-sharing=\"{&quot;enabled&quot;:&quot;&quot;,&quot;gallerySharing&quot;:{&quot;enabled&quot;:null,&quot;position&quot;:null},&quot;imageSharing&quot;:{&quot;enabled&quot;:null,&quot;wrapperClass&quot;:&quot; vertical &quot;},&quot;popupSharing&quot;:{&quot;enabled&quot;:null,&quot;wrapperClass&quot;:&quot; vertical &quot;}}\" class=\"grid-gallery grid-gallery-fixed one-photo \" style=\" width:100%; height:auto; float: left;position:relative;\"> <div class=\"gallery-loading\"> <div class=\"blocks\"> <div class=\"block\"><\/div> <div class=\"block\"><\/div> <div class=\"block\"><\/div> <div class=\"block\"><\/div> <\/div> <\/div> <div class=\"gallery-sharing-top\"><\/div> <div id=\"photos-6\" class=\"grid-gallery-photos\"><a id=\"gg-6-99\" class=\"gg-link \" data-attachment-id=\"215\" href=\"http:\/\/spidu.dg-dudensen.de\/wp-content\/uploads\/2020\/04\/schminken_25-scaled.jpg?gid=6\" target=\"_self\" title=\"schminken_25\" data-rel=\"prettyPhoto[pp_gal]\" style=\"border-radius:0px;\" ><FIGURE class=\"grid-gallery-caption\" data-grid-gallery-type=\"quarter-slide-up\" data-index=\"0\" style=\"display:none;border:6pxsolid#ffffff; border-radius:0px; box-shadow:0px 4px 10px rgba(0, 0, 0, 1.0);; margin:4.15px; height:215px; width:auto;\" ><div class=\"crop\" style=\"\"><img data-gg-real-image-href=\"http:\/\/spidu.dg-dudensen.de\/wp-content\/uploads\/2020\/04\/schminken_25-scaled-381x215.jpg\" src=\"http:\/\/spidu.dg-dudensen.de\/wp-content\/plugins\/gallery-by-supsystic\/src\/GridGallery\/Galleries\/assets\/img\/loading.gif\" class=\"ggImg ggLazyImg ggNotInitImg\" alt=\"schminken_25\" title=\"schminken_25\" data-description=\"schminken_25\" data-caption=\"schminken_25\" data-title=\"schminken_25\" style=\" height:215px; width:auto;\" \/><\/div><FIGCAPTION class=\"\" data-alpha=\"5\" style=\"color:#ffffff; background-color:#6f0000; font-size:14px; text-align:left; font-family:Default;\" ><div class=\"grid-gallery-figcaption-wrap\" style=\" vertical-align:top;\"><\/div><\/FIGCAPTION><\/FIGURE><\/a><a id=\"gg-6-100\" class=\"gg-link hidden-item\" data-attachment-id=\"213\" href=\"http:\/\/spidu.dg-dudensen.de\/wp-content\/uploads\/2020\/04\/schminken_23-scaled.jpg?gid=6\" target=\"_self\" title=\"schminken_23\" data-rel=\"prettyPhoto[pp_gal]\" style=\"border-radius:0px;\" ><FIGURE class=\"grid-gallery-caption hidden-item\" data-grid-gallery-type=\"quarter-slide-up\" data-index=\"1\" style=\"display:none;border:6pxsolid#ffffff; border-radius:0px; box-shadow:0px 4px 10px rgba(0, 0, 0, 1.0);; margin:4.15px; height:215px; width:auto;\" ><div class=\"crop\" style=\"\"><img data-gg-real-image-href=\"http:\/\/spidu.dg-dudensen.de\/wp-content\/uploads\/2020\/04\/schminken_23-scaled-381x215.jpg\" src=\"http:\/\/spidu.dg-dudensen.de\/wp-content\/plugins\/gallery-by-supsystic\/src\/GridGallery\/Galleries\/assets\/img\/loading.gif\" class=\"ggImg ggLazyImg ggNotInitImg\" alt=\"schminken_23\" title=\"schminken_23\" data-description=\"schminken_23\" data-caption=\"schminken_23\" data-title=\"schminken_23\" style=\" height:215px; width:auto;\" \/><\/div><FIGCAPTION class=\"\" data-alpha=\"5\" style=\"color:#ffffff; background-color:#6f0000; font-size:14px; text-align:left; font-family:Default;\" ><div class=\"grid-gallery-figcaption-wrap\" style=\" vertical-align:top;\"><\/div><\/FIGCAPTION><\/FIGURE><\/a><a id=\"gg-6-101\" class=\"gg-link hidden-item\" data-attachment-id=\"212\" href=\"http:\/\/spidu.dg-dudensen.de\/wp-content\/uploads\/2020\/04\/schminken_22-scaled.jpg?gid=6\" target=\"_self\" title=\"schminken_22\" data-rel=\"prettyPhoto[pp_gal]\" style=\"border-radius:0px;\" ><FIGURE class=\"grid-gallery-caption hidden-item\" data-grid-gallery-type=\"quarter-slide-up\" data-index=\"2\" style=\"display:none;border:6pxsolid#ffffff; border-radius:0px; box-shadow:0px 4px 10px rgba(0, 0, 0, 1.0);; margin:4.15px; height:215px; width:auto;\" ><div class=\"crop\" style=\"\"><img data-gg-real-image-href=\"http:\/\/spidu.dg-dudensen.de\/wp-content\/uploads\/2020\/04\/schminken_22-scaled-287x215.jpg\" src=\"http:\/\/spidu.dg-dudensen.de\/wp-content\/plugins\/gallery-by-supsystic\/src\/GridGallery\/Galleries\/assets\/img\/loading.gif\" class=\"ggImg ggLazyImg ggNotInitImg\" alt=\"schminken_22\" title=\"schminken_22\" data-description=\"schminken_22\" data-caption=\"schminken_22\" data-title=\"schminken_22\" style=\" height:215px; width:auto;\" \/><\/div><FIGCAPTION class=\"\" data-alpha=\"5\" style=\"color:#ffffff; background-color:#6f0000; font-size:14px; text-align:left; font-family:Default;\" ><div class=\"grid-gallery-figcaption-wrap\" style=\" vertical-align:top;\"><\/div><\/FIGCAPTION><\/FIGURE><\/a><a id=\"gg-6-102\" class=\"gg-link hidden-item\" data-attachment-id=\"205\" href=\"http:\/\/spidu.dg-dudensen.de\/wp-content\/uploads\/2020\/04\/schminken_14-scaled.jpg?gid=6\" target=\"_self\" title=\"schminken_14\" data-rel=\"prettyPhoto[pp_gal]\" style=\"border-radius:0px;\" ><FIGURE class=\"grid-gallery-caption hidden-item\" data-grid-gallery-type=\"quarter-slide-up\" data-index=\"3\" style=\"display:none;border:6pxsolid#ffffff; border-radius:0px; box-shadow:0px 4px 10px rgba(0, 0, 0, 1.0);; margin:4.15px; height:215px; width:auto;\" ><div class=\"crop\" style=\"\"><img data-gg-real-image-href=\"http:\/\/spidu.dg-dudensen.de\/wp-content\/uploads\/2020\/04\/schminken_14-scaled-121x215.jpg\" src=\"http:\/\/spidu.dg-dudensen.de\/wp-content\/plugins\/gallery-by-supsystic\/src\/GridGallery\/Galleries\/assets\/img\/loading.gif\" class=\"ggImg ggLazyImg ggNotInitImg\" alt=\"schminken_14\" title=\"schminken_14\" data-description=\"schminken_14\" data-caption=\"schminken_14\" data-title=\"schminken_14\" style=\" height:215px; width:auto;\" \/><\/div><FIGCAPTION class=\"\" data-alpha=\"5\" style=\"color:#ffffff; background-color:#6f0000; font-size:14px; text-align:left; font-family:Default;\" ><div class=\"grid-gallery-figcaption-wrap\" style=\" vertical-align:top;\"><\/div><\/FIGCAPTION><\/FIGURE><\/a><a id=\"gg-6-103\" class=\"gg-link hidden-item\" data-attachment-id=\"204\" href=\"http:\/\/spidu.dg-dudensen.de\/wp-content\/uploads\/2020\/04\/schminken_13-scaled.jpg?gid=6\" target=\"_self\" title=\"schminken_13\" data-rel=\"prettyPhoto[pp_gal]\" style=\"border-radius:0px;\" ><FIGURE class=\"grid-gallery-caption hidden-item\" data-grid-gallery-type=\"quarter-slide-up\" data-index=\"4\" style=\"display:none;border:6pxsolid#ffffff; border-radius:0px; box-shadow:0px 4px 10px rgba(0, 0, 0, 1.0);; margin:4.15px; height:215px; width:auto;\" ><div class=\"crop\" style=\"\"><img data-gg-real-image-href=\"http:\/\/spidu.dg-dudensen.de\/wp-content\/uploads\/2020\/04\/schminken_13-scaled-161x215.jpg\" src=\"http:\/\/spidu.dg-dudensen.de\/wp-content\/plugins\/gallery-by-supsystic\/src\/GridGallery\/Galleries\/assets\/img\/loading.gif\" class=\"ggImg ggLazyImg ggNotInitImg\" alt=\"schminken_13\" title=\"schminken_13\" data-description=\"schminken_13\" data-caption=\"schminken_13\" data-title=\"schminken_13\" style=\" height:215px; width:auto;\" \/><\/div><FIGCAPTION class=\"\" data-alpha=\"5\" style=\"color:#ffffff; background-color:#6f0000; font-size:14px; text-align:left; font-family:Default;\" ><div class=\"grid-gallery-figcaption-wrap\" style=\" vertical-align:top;\"><\/div><\/FIGCAPTION><\/FIGURE><\/a><a id=\"gg-6-104\" class=\"gg-link hidden-item\" data-attachment-id=\"214\" href=\"http:\/\/spidu.dg-dudensen.de\/wp-content\/uploads\/2020\/04\/schminken_24-scaled.jpg?gid=6\" target=\"_self\" title=\"schminken_24\" data-rel=\"prettyPhoto[pp_gal]\" style=\"border-radius:0px;\" ><FIGURE class=\"grid-gallery-caption hidden-item\" data-grid-gallery-type=\"quarter-slide-up\" data-index=\"5\" style=\"display:none;border:6pxsolid#ffffff; border-radius:0px; box-shadow:0px 4px 10px rgba(0, 0, 0, 1.0);; margin:4.15px; height:215px; width:auto;\" ><div class=\"crop\" style=\"\"><img data-gg-real-image-href=\"http:\/\/spidu.dg-dudensen.de\/wp-content\/uploads\/2020\/04\/schminken_24-scaled-121x215.jpg\" src=\"http:\/\/spidu.dg-dudensen.de\/wp-content\/plugins\/gallery-by-supsystic\/src\/GridGallery\/Galleries\/assets\/img\/loading.gif\" class=\"ggImg ggLazyImg ggNotInitImg\" alt=\"schminken_24\" title=\"schminken_24\" data-description=\"schminken_24\" data-caption=\"schminken_24\" data-title=\"schminken_24\" style=\" height:215px; width:auto;\" \/><\/div><FIGCAPTION class=\"\" data-alpha=\"5\" style=\"color:#ffffff; background-color:#6f0000; font-size:14px; text-align:left; font-family:Default;\" ><div class=\"grid-gallery-figcaption-wrap\" style=\" vertical-align:top;\"><\/div><\/FIGCAPTION><\/FIGURE><\/a><a id=\"gg-6-105\" class=\"gg-link hidden-item\" data-attachment-id=\"211\" href=\"http:\/\/spidu.dg-dudensen.de\/wp-content\/uploads\/2020\/04\/schminken_21-scaled.jpg?gid=6\" target=\"_self\" title=\"schminken_21\" data-rel=\"prettyPhoto[pp_gal]\" style=\"border-radius:0px;\" ><FIGURE class=\"grid-gallery-caption hidden-item\" data-grid-gallery-type=\"quarter-slide-up\" data-index=\"6\" style=\"display:none;border:6pxsolid#ffffff; border-radius:0px; box-shadow:0px 4px 10px rgba(0, 0, 0, 1.0);; margin:4.15px; height:215px; width:auto;\" ><div class=\"crop\" style=\"\"><img data-gg-real-image-href=\"http:\/\/spidu.dg-dudensen.de\/wp-content\/uploads\/2020\/04\/schminken_21-scaled-121x215.jpg\" src=\"http:\/\/spidu.dg-dudensen.de\/wp-content\/plugins\/gallery-by-supsystic\/src\/GridGallery\/Galleries\/assets\/img\/loading.gif\" class=\"ggImg ggLazyImg ggNotInitImg\" alt=\"schminken_21\" title=\"schminken_21\" data-description=\"schminken_21\" data-caption=\"schminken_21\" data-title=\"schminken_21\" style=\" height:215px; width:auto;\" \/><\/div><FIGCAPTION class=\"\" data-alpha=\"5\" style=\"color:#ffffff; background-color:#6f0000; font-size:14px; text-align:left; font-family:Default;\" ><div class=\"grid-gallery-figcaption-wrap\" style=\" vertical-align:top;\"><\/div><\/FIGCAPTION><\/FIGURE><\/a><a id=\"gg-6-106\" class=\"gg-link hidden-item\" data-attachment-id=\"208\" href=\"http:\/\/spidu.dg-dudensen.de\/wp-content\/uploads\/2020\/04\/schminken_18-scaled.jpg?gid=6\" target=\"_self\" title=\"schminken_18\" data-rel=\"prettyPhoto[pp_gal]\" style=\"border-radius:0px;\" ><FIGURE class=\"grid-gallery-caption hidden-item\" data-grid-gallery-type=\"quarter-slide-up\" data-index=\"7\" style=\"display:none;border:6pxsolid#ffffff; border-radius:0px; box-shadow:0px 4px 10px rgba(0, 0, 0, 1.0);; margin:4.15px; height:215px; width:auto;\" ><div class=\"crop\" style=\"\"><img data-gg-real-image-href=\"http:\/\/spidu.dg-dudensen.de\/wp-content\/uploads\/2020\/04\/schminken_18-scaled-325x215.jpg\" src=\"http:\/\/spidu.dg-dudensen.de\/wp-content\/plugins\/gallery-by-supsystic\/src\/GridGallery\/Galleries\/assets\/img\/loading.gif\" class=\"ggImg ggLazyImg ggNotInitImg\" alt=\"schminken_18\" title=\"schminken_18\" data-description=\"schminken_18\" data-caption=\"schminken_18\" data-title=\"schminken_18\" style=\" height:215px; width:auto;\" \/><\/div><FIGCAPTION class=\"\" data-alpha=\"5\" style=\"color:#ffffff; background-color:#6f0000; font-size:14px; text-align:left; font-family:Default;\" ><div class=\"grid-gallery-figcaption-wrap\" style=\" vertical-align:top;\"><\/div><\/FIGCAPTION><\/FIGURE><\/a><a id=\"gg-6-107\" class=\"gg-link hidden-item\" data-attachment-id=\"207\" href=\"http:\/\/spidu.dg-dudensen.de\/wp-content\/uploads\/2020\/04\/schminken_17-scaled.jpg?gid=6\" target=\"_self\" title=\"schminken_17\" data-rel=\"prettyPhoto[pp_gal]\" style=\"border-radius:0px;\" ><FIGURE class=\"grid-gallery-caption hidden-item\" data-grid-gallery-type=\"quarter-slide-up\" data-index=\"8\" style=\"display:none;border:6pxsolid#ffffff; border-radius:0px; box-shadow:0px 4px 10px rgba(0, 0, 0, 1.0);; margin:4.15px; height:215px; width:auto;\" ><div class=\"crop\" style=\"\"><img data-gg-real-image-href=\"http:\/\/spidu.dg-dudensen.de\/wp-content\/uploads\/2020\/04\/schminken_17-scaled-121x215.jpg\" src=\"http:\/\/spidu.dg-dudensen.de\/wp-content\/plugins\/gallery-by-supsystic\/src\/GridGallery\/Galleries\/assets\/img\/loading.gif\" class=\"ggImg ggLazyImg ggNotInitImg\" alt=\"schminken_17\" title=\"schminken_17\" data-description=\"schminken_17\" data-caption=\"schminken_17\" data-title=\"schminken_17\" style=\" height:215px; width:auto;\" \/><\/div><FIGCAPTION class=\"\" data-alpha=\"5\" style=\"color:#ffffff; background-color:#6f0000; font-size:14px; text-align:left; font-family:Default;\" ><div class=\"grid-gallery-figcaption-wrap\" style=\" vertical-align:top;\"><\/div><\/FIGCAPTION><\/FIGURE><\/a><a id=\"gg-6-108\" class=\"gg-link hidden-item\" data-attachment-id=\"210\" href=\"http:\/\/spidu.dg-dudensen.de\/wp-content\/uploads\/2020\/04\/schminken_20-scaled.jpg?gid=6\" target=\"_self\" title=\"schminken_20\" data-rel=\"prettyPhoto[pp_gal]\" style=\"border-radius:0px;\" ><FIGURE class=\"grid-gallery-caption hidden-item\" data-grid-gallery-type=\"quarter-slide-up\" data-index=\"9\" style=\"display:none;border:6pxsolid#ffffff; border-radius:0px; box-shadow:0px 4px 10px rgba(0, 0, 0, 1.0);; margin:4.15px; height:215px; width:auto;\" ><div class=\"crop\" style=\"\"><img data-gg-real-image-href=\"http:\/\/spidu.dg-dudensen.de\/wp-content\/uploads\/2020\/04\/schminken_20-scaled-121x215.jpg\" src=\"http:\/\/spidu.dg-dudensen.de\/wp-content\/plugins\/gallery-by-supsystic\/src\/GridGallery\/Galleries\/assets\/img\/loading.gif\" class=\"ggImg ggLazyImg ggNotInitImg\" alt=\"schminken_20\" title=\"schminken_20\" data-description=\"schminken_20\" data-caption=\"schminken_20\" data-title=\"schminken_20\" style=\" height:215px; width:auto;\" \/><\/div><FIGCAPTION class=\"\" data-alpha=\"5\" style=\"color:#ffffff; background-color:#6f0000; font-size:14px; text-align:left; font-family:Default;\" ><div class=\"grid-gallery-figcaption-wrap\" style=\" vertical-align:top;\"><\/div><\/FIGCAPTION><\/FIGURE><\/a><a id=\"gg-6-109\" class=\"gg-link hidden-item\" data-attachment-id=\"209\" href=\"http:\/\/spidu.dg-dudensen.de\/wp-content\/uploads\/2020\/04\/schminken_19-scaled.jpg?gid=6\" target=\"_self\" title=\"schminken_19\" data-rel=\"prettyPhoto[pp_gal]\" style=\"border-radius:0px;\" ><FIGURE class=\"grid-gallery-caption hidden-item\" data-grid-gallery-type=\"quarter-slide-up\" data-index=\"10\" style=\"display:none;border:6pxsolid#ffffff; border-radius:0px; box-shadow:0px 4px 10px rgba(0, 0, 0, 1.0);; margin:4.15px; height:215px; width:auto;\" ><div class=\"crop\" style=\"\"><img data-gg-real-image-href=\"http:\/\/spidu.dg-dudensen.de\/wp-content\/uploads\/2020\/04\/schminken_19-scaled-381x215.jpg\" src=\"http:\/\/spidu.dg-dudensen.de\/wp-content\/plugins\/gallery-by-supsystic\/src\/GridGallery\/Galleries\/assets\/img\/loading.gif\" class=\"ggImg ggLazyImg ggNotInitImg\" alt=\"schminken_19\" title=\"schminken_19\" data-description=\"schminken_19\" data-caption=\"schminken_19\" data-title=\"schminken_19\" style=\" height:215px; width:auto;\" \/><\/div><FIGCAPTION class=\"\" data-alpha=\"5\" style=\"color:#ffffff; background-color:#6f0000; font-size:14px; text-align:left; font-family:Default;\" ><div class=\"grid-gallery-figcaption-wrap\" style=\" vertical-align:top;\"><\/div><\/FIGCAPTION><\/FIGURE><\/a><a id=\"gg-6-110\" class=\"gg-link hidden-item\" data-attachment-id=\"202\" href=\"http:\/\/spidu.dg-dudensen.de\/wp-content\/uploads\/2020\/04\/schminken_11-scaled.jpg?gid=6\" target=\"_self\" title=\"schminken_11\" data-rel=\"prettyPhoto[pp_gal]\" style=\"border-radius:0px;\" ><FIGURE class=\"grid-gallery-caption hidden-item\" data-grid-gallery-type=\"quarter-slide-up\" data-index=\"11\" style=\"display:none;border:6pxsolid#ffffff; border-radius:0px; box-shadow:0px 4px 10px rgba(0, 0, 0, 1.0);; margin:4.15px; height:215px; width:auto;\" ><div class=\"crop\" style=\"\"><img data-gg-real-image-href=\"http:\/\/spidu.dg-dudensen.de\/wp-content\/uploads\/2020\/04\/schminken_11-scaled-121x215.jpg\" src=\"http:\/\/spidu.dg-dudensen.de\/wp-content\/plugins\/gallery-by-supsystic\/src\/GridGallery\/Galleries\/assets\/img\/loading.gif\" class=\"ggImg ggLazyImg ggNotInitImg\" alt=\"schminken_11\" title=\"schminken_11\" data-description=\"schminken_11\" data-caption=\"schminken_11\" data-title=\"schminken_11\" style=\" height:215px; width:auto;\" \/><\/div><FIGCAPTION class=\"\" data-alpha=\"5\" style=\"color:#ffffff; background-color:#6f0000; font-size:14px; text-align:left; font-family:Default;\" ><div class=\"grid-gallery-figcaption-wrap\" style=\" vertical-align:top;\"><\/div><\/FIGCAPTION><\/FIGURE><\/a><a id=\"gg-6-111\" class=\"gg-link hidden-item\" data-attachment-id=\"203\" href=\"http:\/\/spidu.dg-dudensen.de\/wp-content\/uploads\/2020\/04\/schminken_12.jpg?gid=6\" target=\"_self\" title=\"schminken_12\" data-rel=\"prettyPhoto[pp_gal]\" style=\"border-radius:0px;\" ><FIGURE class=\"grid-gallery-caption hidden-item\" data-grid-gallery-type=\"quarter-slide-up\" data-index=\"12\" style=\"display:none;border:6pxsolid#ffffff; border-radius:0px; box-shadow:0px 4px 10px rgba(0, 0, 0, 1.0);; margin:4.15px; height:215px; width:auto;\" ><div class=\"crop\" style=\"\"><img data-gg-real-image-href=\"http:\/\/spidu.dg-dudensen.de\/wp-content\/uploads\/2020\/04\/schminken_12-149x215.jpg\" src=\"http:\/\/spidu.dg-dudensen.de\/wp-content\/plugins\/gallery-by-supsystic\/src\/GridGallery\/Galleries\/assets\/img\/loading.gif\" class=\"ggImg ggLazyImg ggNotInitImg\" alt=\"schminken_12\" title=\"schminken_12\" data-description=\"schminken_12\" data-caption=\"schminken_12\" data-title=\"schminken_12\" style=\" height:215px; width:auto;\" \/><\/div><FIGCAPTION class=\"\" data-alpha=\"5\" style=\"color:#ffffff; background-color:#6f0000; font-size:14px; text-align:left; font-family:Default;\" ><div class=\"grid-gallery-figcaption-wrap\" style=\" vertical-align:top;\"><\/div><\/FIGCAPTION><\/FIGURE><\/a><a id=\"gg-6-112\" class=\"gg-link hidden-item\" data-attachment-id=\"206\" href=\"http:\/\/spidu.dg-dudensen.de\/wp-content\/uploads\/2020\/04\/schminken_15-scaled.jpg?gid=6\" target=\"_self\" title=\"schminken_15\" data-rel=\"prettyPhoto[pp_gal]\" style=\"border-radius:0px;\" ><FIGURE class=\"grid-gallery-caption hidden-item\" data-grid-gallery-type=\"quarter-slide-up\" data-index=\"13\" style=\"display:none;border:6pxsolid#ffffff; border-radius:0px; box-shadow:0px 4px 10px rgba(0, 0, 0, 1.0);; margin:4.15px; height:215px; width:auto;\" ><div class=\"crop\" style=\"\"><img data-gg-real-image-href=\"http:\/\/spidu.dg-dudensen.de\/wp-content\/uploads\/2020\/04\/schminken_15-scaled-287x215.jpg\" src=\"http:\/\/spidu.dg-dudensen.de\/wp-content\/plugins\/gallery-by-supsystic\/src\/GridGallery\/Galleries\/assets\/img\/loading.gif\" class=\"ggImg ggLazyImg ggNotInitImg\" alt=\"schminken_15\" title=\"schminken_15\" data-description=\"schminken_15\" data-caption=\"schminken_15\" data-title=\"schminken_15\" style=\" height:215px; width:auto;\" \/><\/div><FIGCAPTION class=\"\" data-alpha=\"5\" style=\"color:#ffffff; background-color:#6f0000; font-size:14px; text-align:left; font-family:Default;\" ><div class=\"grid-gallery-figcaption-wrap\" style=\" vertical-align:top;\"><\/div><\/FIGCAPTION><\/FIGURE><\/a> <div class=\"grid-gallery-clearfix\"><\/div> <\/div> <div class=\"gallery-sharing-bottom\"><\/div> <div class=\"grid-gallery-clearfix\"><\/div> <\/div> <!-- Gallery by Supsystic plugin1.15.4 -->\n","protected":false},"excerpt":{"rendered":"<p>2019&#8230; Zehn Jahre SpIDu 2017&#8230; Sommerfest und Fu\u00dfballtunier 2016&#8230; Halloween Party 2013 &#8211; 15&#8230; Faschingspartys 2013&#8230; Feierliche Er\u00f6ffnung Ab 2013&#8230; Kinderschminken beim j\u00e4hrlichen M\u00fchlenfest<\/p>\n","protected":false},"author":1,"featured_media":0,"parent":0,"menu_order":0,"comment_status":"closed","ping_status":"closed","template":"","meta":[],"_links":{"self":[{"href":"http:\/\/spidu.dg-dudensen.de\/index.php?rest_route=\/wp\/v2\/pages\/35"}],"collection":[{"href":"http:\/\/spidu.dg-dudensen.de\/index.php?rest_route=\/wp\/v2\/pages"}],"about":[{"href":"http:\/\/spidu.dg-dudensen.de\/index.php?rest_route=\/wp\/v2\/types\/page"}],"author":[{"embeddable":true,"href":"http:\/\/spidu.dg-dudensen.de\/index.php?rest_route=\/wp\/v2\/users\/1"}],"replies":[{"embeddable":true,"href":"http:\/\/spidu.dg-dudensen.de\/index.php?rest_route=%2Fwp%2Fv2%2Fcomments&post=35"}],"version-history":[{"count":14,"href":"http:\/\/spidu.dg-dudensen.de\/index.php?rest_route=\/wp\/v2\/pages\/35\/revisions"}],"predecessor-version":[{"id":218,"href":"http:\/\/spidu.dg-dudensen.de\/index.php?rest_route=\/wp\/v2\/pages\/35\/revisions\/218"}],"wp:attachment":[{"href":"http:\/\/spidu.dg-dudensen.de\/index.php?rest_route=%2Fwp%2Fv2%2Fmedia&parent=35"}],"curies":[{"name":"wp","href":"https:\/\/api.w.org\/{rel}","templated":true}]}}